{"id":36371,"date":"2024-10-25T19:30:20","date_gmt":"2024-10-25T17:30:20","guid":{"rendered":"https:\/\/www.krzysztofkolodziej.com\/domkopernika\/?page_id=36371"},"modified":"2024-11-07T09:30:48","modified_gmt":"2024-11-07T08:30:48","slug":"filozofia-i-teologia","status":"publish","type":"page","link":"https:\/\/www.krzysztofkolodziej.com\/domkopernika\/filozofia-i-teologia\/","title":{"rendered":"Filozofia i teologia"},"content":{"rendered":"\t\t<div data-elementor-type=\"wp-page\" data-elementor-id=\"36371\" class=\"elementor elementor-36371\" data-elementor-post-type=\"page\">\n\t\t\t\t\t\t<section class=\"elementor-section elementor-top-section elementor-element elementor-element-d481ac9 elementor-section-boxed elementor-section-height-default elementor-section-height-default\" data-id=\"d481ac9\" data-element_type=\"section\">\n\t\t\t\t\t\t<div class=\"elementor-container elementor-column-gap-default\">\n\t\t\t\t\t<div class=\"elementor-column elementor-col-100 elementor-top-column elementor-element elementor-element-f64e6b3\" data-id=\"f64e6b3\" data-element_type=\"column\">\n\t\t\t<div class=\"elementor-widget-wrap elementor-element-populated\">\n\t\t\t\t\t\t<div class=\"elementor-element elementor-element-c669afe elementor-align-right elementor-widget elementor-widget-button\" data-id=\"c669afe\" data-element_type=\"widget\" data-widget_type=\"button.default\">\n\t\t\t\t<div class=\"elementor-widget-container\">\n\t\t\t\t\t\t\t\t\t<div class=\"elementor-button-wrapper\">\n\t\t\t\t\t<a class=\"elementor-button elementor-button-link elementor-size-sm\" href=\"https:\/\/www.krzysztofkolodziej.com\/domkopernika\">\n\t\t\t\t\t\t<span class=\"elementor-button-content-wrapper\">\n\t\t\t\t\t\t<span class=\"elementor-button-icon\">\n\t\t\t\t<svg xmlns=\"http:\/\/www.w3.org\/2000\/svg\" xmlns:xlink=\"http:\/\/www.w3.org\/1999\/xlink\" xmlns:serif=\"http:\/\/www.serif.com\/\" width=\"100%\" height=\"100%\" viewBox=\"0 0 24 24\" xml:space=\"preserve\" style=\"fill-rule:evenodd;clip-rule:evenodd;stroke-linejoin:round;stroke-miterlimit:2;\">    <g transform=\"matrix(-1.09154,-1.09154,1.09154,-1.09154,12.8767,38.0632)\">        <path d=\"M11,4L11,16.175L5.4,10.575L4,12L12,20L20,12L18.6,10.575L13,16.175L13,4L11,4Z\" style=\"fill-rule:nonzero;\"><\/path>    <\/g><\/svg>\t\t\t<\/span>\n\t\t\t\t\t\t\t\t\t<span class=\"elementor-button-text\">Strona g\u0142\u00f3wna<\/span>\n\t\t\t\t\t<\/span>\n\t\t\t\t\t<\/a>\n\t\t\t\t<\/div>\n\t\t\t\t\t\t\t\t<\/div>\n\t\t\t\t<\/div>\n\t\t\t\t<div class=\"elementor-element elementor-element-1d43b2e elementor-align-left elementor-widget elementor-widget-button\" data-id=\"1d43b2e\" data-element_type=\"widget\" data-widget_type=\"button.default\">\n\t\t\t\t<div class=\"elementor-widget-container\">\n\t\t\t\t\t\t\t\t\t<div class=\"elementor-button-wrapper\">\n\t\t\t\t\t<a class=\"elementor-button elementor-size-sm\" role=\"button\">\n\t\t\t\t\t\t<span class=\"elementor-button-content-wrapper\">\n\t\t\t\t\t\t\t\t\t<span class=\"elementor-button-text\">FILOZOFIA I TEOLOGIA<\/span>\n\t\t\t\t\t<\/span>\n\t\t\t\t\t<\/a>\n\t\t\t\t<\/div>\n\t\t\t\t\t\t\t\t<\/div>\n\t\t\t\t<\/div>\n\t\t\t\t<div class=\"elementor-element elementor-element-7fdc704 elementor-widget elementor-widget-heading\" data-id=\"7fdc704\" data-element_type=\"widget\" data-widget_type=\"heading.default\">\n\t\t\t\t<div class=\"elementor-widget-container\">\n\t\t\t\t\t<h2 class=\"elementor-heading-title elementor-size-default\">Najnowsze wiadomo\u015bci z obszaru filozofii i teologii:<\/h2>\t\t\t\t<\/div>\n\t\t\t\t<\/div>\n\t\t\t\t<div class=\"elementor-element elementor-element-7e4e487 anwp-pg-widget-header-style--b anwp-pg-post-teaser__post-icon--size-16 elementor-widget elementor-widget-anwp-pg-classic-blog\" data-id=\"7e4e487\" data-element_type=\"widget\" data-widget_type=\"anwp-pg-classic-blog.default\">\n\t\t\t\t<div class=\"elementor-widget-container\">\n\t\t\t\t\t<div class=\"anwp-pg-wrap\">\n\n\t\n\t<div class=\"anwp-pg-classic-blog anwp-pg-posts-wrapper\">\n\t\t<div class=\"anwp-pg-post-teaser anwp-pg-post-teaser--layout-classic anwp-row anwp-no-gutters\">\n\n\t\t\t<div class=\"anwp-pg-post-teaser__thumbnail position-relative mb-2 mb-md-0 anwp-col-md-4\">\n\t\t\t\t\t\t\t<div class=\"anwp-pg-post-teaser__top-meta d-flex flex-column anwp-pg-post-teaser__category-column mr-auto\">\n\t\t\t\t\t<div class=\"anwp-pg-category__wrapper-filled px-2 d-flex align-items-center anwp-pg-post-teaser__category-wrapper align-self-start anwp-pg-category-parent-0\" style=\"background-color: #1565C0\"><span>Filozofia i teologia<\/span><\/div>\t\t\t\t<\/div>\n\t\t\t\t\n\t\t\t<img decoding=\"async\" loading=\"lazy\" src=\"https:\/\/www.krzysztofkolodziej.com\/domkopernika\/wp-content\/uploads\/2024\/12\/Podsumowanie-publikacji-1024x576.png\"\/>\n\n\t\t\t<div class=\"anwp-pg-post-teaser__thumbnail-classic-bg anwp-position-cover\"><\/div>\n\n\t\t\t<a class=\"anwp-position-cover anwp-link-without-effects\" href=\"https:\/\/www.krzysztofkolodziej.com\/domkopernika\/filozofia-i-teologia\/klucz-do-szczescia-w-pracy-odkrycia-naukowcow-z-harvardu\/\" aria-hidden=\"true\" ><\/a>\n\t\t<\/div>\n\t\n\t<div class=\"anwp-pg-post-teaser__content anwp-col-md-8\">\n\n\t\t<div class=\"anwp-pg-post-teaser__title anwp-font-heading my-2\">\n\t\t\t<a class=\"anwp-link-without-effects\" href=\"https:\/\/www.krzysztofkolodziej.com\/domkopernika\/filozofia-i-teologia\/klucz-do-szczescia-w-pracy-odkrycia-naukowcow-z-harvardu\/\" aria-hidden=\"true\" >\n\t\t\t\tKlucz do Szcz\u0119\u015bcia w Pracy \u2013 Odkrycia Naukowc\u00f3w z Harvardu\t\t\t<\/a>\n\t\t<\/div>\n\n\t\t<div class=\"anwp-pg-post-teaser__bottom-meta d-flex flex-wrap\">\n\n\t\t\t\n\t\t\t\t\t\t\t<div class=\"anwp-pg-post-teaser__bottom-meta-item d-flex align-items-center mr-4\">\n\t\t\t\t\t<svg class=\"anwp-pg-icon anwp-pg-icon--s16 mr-2\">\n\t\t\t\t\t\t<use xlink:href=\"#icon-anwp-pg-calendar\"><\/use>\n\t\t\t\t\t<\/svg>\n\t\t\t\t\t<span class=\"screen-reader-text\">Posted on<\/span><time class=\"anwp-pg-published\" datetime=\"2024-12-13T10:17:27+01:00\">13 grudnia, 2024<\/time><time class=\"anwp-pg-updated\" datetime=\"2024-12-13T10:17:27+01:00\">13 grudnia, 2024<\/time>\t\t\t\t<\/div>\n\t\t\t\t\t\t<\/div>\n\n\t\t<div class=\"anwp-pg-post-teaser__excerpt mt-2\">\n\t\t\tNajnowsze badania naukowc\u00f3w z Uniwersytetu Harvarda przynosz\u0105 istotne wnioski na temat satysfakcji z pracy. Kluczowym elementem szcz\u0119\u015bcia zawodowego okazuje si\u0119 skupienie na post\u0119pie zamiast perfekcji. Takie podej\u015bcie pozwala pracownikom lepiej&hellip;\t\t<\/div>\n\n\t\t\t<\/div>\n<\/div>\n<div class=\"anwp-pg-post-teaser anwp-pg-post-teaser--layout-classic anwp-row anwp-no-gutters\">\n\n\t\t\t<div class=\"anwp-pg-post-teaser__thumbnail position-relative mb-2 mb-md-0 anwp-col-md-4\">\n\t\t\t\t\t\t\t<div class=\"anwp-pg-post-teaser__top-meta d-flex flex-column anwp-pg-post-teaser__category-column mr-auto\">\n\t\t\t\t\t<div class=\"anwp-pg-category__wrapper-filled px-2 d-flex align-items-center anwp-pg-post-teaser__category-wrapper align-self-start anwp-pg-category-parent-0\" style=\"background-color: #1565C0\"><span>Filozofia i teologia<\/span><\/div>\t\t\t\t<\/div>\n\t\t\t\t\n\t\t\t<img decoding=\"async\" loading=\"lazy\" src=\"https:\/\/www.krzysztofkolodziej.com\/domkopernika\/wp-content\/uploads\/2024\/10\/464908632_958098573015409_5051350964245935778_n-1024x836-1.jpg\"\/>\n\n\t\t\t<div class=\"anwp-pg-post-teaser__thumbnail-classic-bg anwp-position-cover\"><\/div>\n\n\t\t\t<a class=\"anwp-position-cover anwp-link-without-effects\" href=\"https:\/\/www.krzysztofkolodziej.com\/domkopernika\/filozofia-i-teologia\/nieznany-walc-chopina-odkryto-w-muzeum-morgana\/\" aria-hidden=\"true\" ><\/a>\n\t\t<\/div>\n\t\n\t<div class=\"anwp-pg-post-teaser__content anwp-col-md-8\">\n\n\t\t<div class=\"anwp-pg-post-teaser__title anwp-font-heading my-2\">\n\t\t\t<a class=\"anwp-link-without-effects\" href=\"https:\/\/www.krzysztofkolodziej.com\/domkopernika\/filozofia-i-teologia\/nieznany-walc-chopina-odkryto-w-muzeum-morgana\/\" aria-hidden=\"true\" >\n\t\t\t\tNieznany walc Chopina odkryto w muzeum Morgana\t\t\t<\/a>\n\t\t<\/div>\n\n\t\t<div class=\"anwp-pg-post-teaser__bottom-meta d-flex flex-wrap\">\n\n\t\t\t\n\t\t\t\t\t\t\t<div class=\"anwp-pg-post-teaser__bottom-meta-item d-flex align-items-center mr-4\">\n\t\t\t\t\t<svg class=\"anwp-pg-icon anwp-pg-icon--s16 mr-2\">\n\t\t\t\t\t\t<use xlink:href=\"#icon-anwp-pg-calendar\"><\/use>\n\t\t\t\t\t<\/svg>\n\t\t\t\t\t<span class=\"screen-reader-text\">Posted on<\/span><time class=\"anwp-pg-published\" datetime=\"2024-11-04T08:20:10+01:00\">4 listopada, 2024<\/time><time class=\"anwp-pg-updated\" datetime=\"2024-11-04T08:21:05+01:00\">4 listopada, 2024<\/time>\t\t\t\t<\/div>\n\t\t\t\t\t\t<\/div>\n\n\t\t<div class=\"anwp-pg-post-teaser__excerpt mt-2\">\n\t\t\tManuskrypt z zapisem nieznanego wcze\u015bniej walca autorstwa Fryderyka Chopina zosta\u0142 odnaleziony przez kuratora w bibliotece i muzeum Morgan na nowojorskim Manhattanie. Zesp\u00f3\u0142 ekspert\u00f3w muzeum Morgana zbada\u0142 manuskrypt oceniaj\u0105c papier, atrament,&hellip;\t\t<\/div>\n\n\t\t\t<\/div>\n<\/div>\n\t<\/div>\n\t\n\t<\/div>\n\t\t\t\t<\/div>\n\t\t\t\t<\/div>\n\t\t\t\t\t<\/div>\n\t\t<\/div>\n\t\t\t\t\t<\/div>\n\t\t<\/section>\n\t\t\t\t<\/div>\n\t\t","protected":false},"excerpt":{"rendered":"<p>Strona g\u0142\u00f3wna FILOZOFIA I TEOLOGIA Najnowsze wiadomo\u015bci z obszaru filozofii i teologii: Filozofia i teologia Nieznany walc Chopina odkryto w muzeum Morgana Posted on4 listopada, 20244 listopada, 2024 Manuskrypt z&hellip;<\/p>\n","protected":false},"author":4,"featured_media":0,"parent":0,"menu_order":0,"comment_status":"closed","ping_status":"closed","template":"","meta":{"footnotes":""},"class_list":["post-36371","page","type-page","status-publish","hentry"],"yoast_head":"<!-- This site is optimized with the Yoast SEO plugin v27.5 - https:\/\/yoast.com\/product\/yoast-seo-wordpress\/ -->\n<title>Filozofia i teologia - Dom Kopernika<\/title>\n<meta name=\"robots\" content=\"noindex, follow\" \/>\n<meta property=\"og:locale\" content=\"pl_PL\" \/>\n<meta property=\"og:type\" content=\"article\" \/>\n<meta property=\"og:title\" content=\"Filozofia i teologia - Dom Kopernika\" \/>\n<meta property=\"og:description\" content=\"Strona g\u0142\u00f3wna FILOZOFIA I TEOLOGIA Najnowsze wiadomo\u015bci z obszaru filozofii i teologii: Filozofia i teologia Nieznany walc Chopina odkryto w muzeum Morgana Posted on4 listopada, 20244 listopada, 2024 Manuskrypt z&hellip;\" \/>\n<meta property=\"og:url\" content=\"https:\/\/www.krzysztofkolodziej.com\/domkopernika\/filozofia-i-teologia\/\" \/>\n<meta property=\"og:site_name\" content=\"Dom Kopernika\" \/>\n<meta property=\"article:modified_time\" content=\"2024-11-07T08:30:48+00:00\" \/>\n<meta property=\"og:image\" content=\"https:\/\/www.krzysztofkolodziej.com\/domkopernika\/wp-content\/uploads\/2024\/10\/464908632_958098573015409_5051350964245935778_n-1024x836-1.jpg\" \/>\n<meta name=\"twitter:card\" content=\"summary_large_image\" \/>\n<meta name=\"twitter:label1\" content=\"Szacowany czas czytania\" \/>\n\t<meta name=\"twitter:data1\" content=\"1 minuta\" \/>\n<script type=\"application\/ld+json\" class=\"yoast-schema-graph\">{\"@context\":\"https:\\\/\\\/schema.org\",\"@graph\":[{\"@type\":\"WebPage\",\"@id\":\"https:\\\/\\\/www.krzysztofkolodziej.com\\\/domkopernika\\\/filozofia-i-teologia\\\/\",\"url\":\"https:\\\/\\\/www.krzysztofkolodziej.com\\\/domkopernika\\\/filozofia-i-teologia\\\/\",\"name\":\"Filozofia i teologia - Dom Kopernika\",\"isPartOf\":{\"@id\":\"https:\\\/\\\/www.krzysztofkolodziej.com\\\/domkopernika\\\/#website\"},\"primaryImageOfPage\":{\"@id\":\"https:\\\/\\\/www.krzysztofkolodziej.com\\\/domkopernika\\\/filozofia-i-teologia\\\/#primaryimage\"},\"image\":{\"@id\":\"https:\\\/\\\/www.krzysztofkolodziej.com\\\/domkopernika\\\/filozofia-i-teologia\\\/#primaryimage\"},\"thumbnailUrl\":\"https:\\\/\\\/www.krzysztofkolodziej.com\\\/domkopernika\\\/wp-content\\\/uploads\\\/2024\\\/10\\\/464908632_958098573015409_5051350964245935778_n-1024x836-1.jpg\",\"datePublished\":\"2024-10-25T17:30:20+00:00\",\"dateModified\":\"2024-11-07T08:30:48+00:00\",\"breadcrumb\":{\"@id\":\"https:\\\/\\\/www.krzysztofkolodziej.com\\\/domkopernika\\\/filozofia-i-teologia\\\/#breadcrumb\"},\"inLanguage\":\"pl-PL\",\"potentialAction\":[{\"@type\":\"ReadAction\",\"target\":[\"https:\\\/\\\/www.krzysztofkolodziej.com\\\/domkopernika\\\/filozofia-i-teologia\\\/\"]}]},{\"@type\":\"ImageObject\",\"inLanguage\":\"pl-PL\",\"@id\":\"https:\\\/\\\/www.krzysztofkolodziej.com\\\/domkopernika\\\/filozofia-i-teologia\\\/#primaryimage\",\"url\":\"\",\"contentUrl\":\"\"},{\"@type\":\"BreadcrumbList\",\"@id\":\"https:\\\/\\\/www.krzysztofkolodziej.com\\\/domkopernika\\\/filozofia-i-teologia\\\/#breadcrumb\",\"itemListElement\":[{\"@type\":\"ListItem\",\"position\":1,\"name\":\"Strona g\u0142\u00f3wna\",\"item\":\"https:\\\/\\\/www.krzysztofkolodziej.com\\\/domkopernika\\\/\"},{\"@type\":\"ListItem\",\"position\":2,\"name\":\"Filozofia i teologia\"}]},{\"@type\":\"WebSite\",\"@id\":\"https:\\\/\\\/www.krzysztofkolodziej.com\\\/domkopernika\\\/#website\",\"url\":\"https:\\\/\\\/www.krzysztofkolodziej.com\\\/domkopernika\\\/\",\"name\":\"Dom Kopernika\",\"description\":\"\",\"potentialAction\":[{\"@type\":\"SearchAction\",\"target\":{\"@type\":\"EntryPoint\",\"urlTemplate\":\"https:\\\/\\\/www.krzysztofkolodziej.com\\\/domkopernika\\\/?s={search_term_string}\"},\"query-input\":{\"@type\":\"PropertyValueSpecification\",\"valueRequired\":true,\"valueName\":\"search_term_string\"}}],\"inLanguage\":\"pl-PL\"}]}<\/script>\n<!-- \/ Yoast SEO plugin. -->","yoast_head_json":{"title":"Filozofia i teologia - Dom Kopernika","robots":{"index":"noindex","follow":"follow"},"og_locale":"pl_PL","og_type":"article","og_title":"Filozofia i teologia - Dom Kopernika","og_description":"Strona g\u0142\u00f3wna FILOZOFIA I TEOLOGIA Najnowsze wiadomo\u015bci z obszaru filozofii i teologii: Filozofia i teologia Nieznany walc Chopina odkryto w muzeum Morgana Posted on4 listopada, 20244 listopada, 2024 Manuskrypt z&hellip;","og_url":"https:\/\/www.krzysztofkolodziej.com\/domkopernika\/filozofia-i-teologia\/","og_site_name":"Dom Kopernika","article_modified_time":"2024-11-07T08:30:48+00:00","og_image":[{"url":"https:\/\/www.krzysztofkolodziej.com\/domkopernika\/wp-content\/uploads\/2024\/10\/464908632_958098573015409_5051350964245935778_n-1024x836-1.jpg","type":"","width":"","height":""}],"twitter_card":"summary_large_image","twitter_misc":{"Szacowany czas czytania":"1 minuta"},"schema":{"@context":"https:\/\/schema.org","@graph":[{"@type":"WebPage","@id":"https:\/\/www.krzysztofkolodziej.com\/domkopernika\/filozofia-i-teologia\/","url":"https:\/\/www.krzysztofkolodziej.com\/domkopernika\/filozofia-i-teologia\/","name":"Filozofia i teologia - Dom Kopernika","isPartOf":{"@id":"https:\/\/www.krzysztofkolodziej.com\/domkopernika\/#website"},"primaryImageOfPage":{"@id":"https:\/\/www.krzysztofkolodziej.com\/domkopernika\/filozofia-i-teologia\/#primaryimage"},"image":{"@id":"https:\/\/www.krzysztofkolodziej.com\/domkopernika\/filozofia-i-teologia\/#primaryimage"},"thumbnailUrl":"https:\/\/www.krzysztofkolodziej.com\/domkopernika\/wp-content\/uploads\/2024\/10\/464908632_958098573015409_5051350964245935778_n-1024x836-1.jpg","datePublished":"2024-10-25T17:30:20+00:00","dateModified":"2024-11-07T08:30:48+00:00","breadcrumb":{"@id":"https:\/\/www.krzysztofkolodziej.com\/domkopernika\/filozofia-i-teologia\/#breadcrumb"},"inLanguage":"pl-PL","potentialAction":[{"@type":"ReadAction","target":["https:\/\/www.krzysztofkolodziej.com\/domkopernika\/filozofia-i-teologia\/"]}]},{"@type":"ImageObject","inLanguage":"pl-PL","@id":"https:\/\/www.krzysztofkolodziej.com\/domkopernika\/filozofia-i-teologia\/#primaryimage","url":"","contentUrl":""},{"@type":"BreadcrumbList","@id":"https:\/\/www.krzysztofkolodziej.com\/domkopernika\/filozofia-i-teologia\/#breadcrumb","itemListElement":[{"@type":"ListItem","position":1,"name":"Strona g\u0142\u00f3wna","item":"https:\/\/www.krzysztofkolodziej.com\/domkopernika\/"},{"@type":"ListItem","position":2,"name":"Filozofia i teologia"}]},{"@type":"WebSite","@id":"https:\/\/www.krzysztofkolodziej.com\/domkopernika\/#website","url":"https:\/\/www.krzysztofkolodziej.com\/domkopernika\/","name":"Dom Kopernika","description":"","potentialAction":[{"@type":"SearchAction","target":{"@type":"EntryPoint","urlTemplate":"https:\/\/www.krzysztofkolodziej.com\/domkopernika\/?s={search_term_string}"},"query-input":{"@type":"PropertyValueSpecification","valueRequired":true,"valueName":"search_term_string"}}],"inLanguage":"pl-PL"}]}},"_links":{"self":[{"href":"https:\/\/www.krzysztofkolodziej.com\/domkopernika\/wp-json\/wp\/v2\/pages\/36371","targetHints":{"allow":["GET"]}}],"collection":[{"href":"https:\/\/www.krzysztofkolodziej.com\/domkopernika\/wp-json\/wp\/v2\/pages"}],"about":[{"href":"https:\/\/www.krzysztofkolodziej.com\/domkopernika\/wp-json\/wp\/v2\/types\/page"}],"author":[{"embeddable":true,"href":"https:\/\/www.krzysztofkolodziej.com\/domkopernika\/wp-json\/wp\/v2\/users\/4"}],"replies":[{"embeddable":true,"href":"https:\/\/www.krzysztofkolodziej.com\/domkopernika\/wp-json\/wp\/v2\/comments?post=36371"}],"version-history":[{"count":13,"href":"https:\/\/www.krzysztofkolodziej.com\/domkopernika\/wp-json\/wp\/v2\/pages\/36371\/revisions"}],"predecessor-version":[{"id":36647,"href":"https:\/\/www.krzysztofkolodziej.com\/domkopernika\/wp-json\/wp\/v2\/pages\/36371\/revisions\/36647"}],"wp:attachment":[{"href":"https:\/\/www.krzysztofkolodziej.com\/domkopernika\/wp-json\/wp\/v2\/media?parent=36371"}],"curies":[{"name":"wp","href":"https:\/\/api.w.org\/{rel}","templated":true}]}}