{"id":36140,"date":"2024-10-25T13:30:12","date_gmt":"2024-10-25T11:30:12","guid":{"rendered":"https:\/\/www.krzysztofkolodziej.com\/domkopernika\/?page_id=36140"},"modified":"2024-10-25T20:07:20","modified_gmt":"2024-10-25T18:07:20","slug":"astronomia","status":"publish","type":"page","link":"https:\/\/www.krzysztofkolodziej.com\/domkopernika\/astronomia\/","title":{"rendered":"Astronomia"},"content":{"rendered":"\t\t<div data-elementor-type=\"wp-page\" data-elementor-id=\"36140\" class=\"elementor elementor-36140\" data-elementor-post-type=\"page\">\n\t\t\t\t\t\t<section class=\"elementor-section elementor-top-section elementor-element elementor-element-d481ac9 elementor-section-boxed elementor-section-height-default elementor-section-height-default\" data-id=\"d481ac9\" data-element_type=\"section\">\n\t\t\t\t\t\t<div class=\"elementor-container elementor-column-gap-default\">\n\t\t\t\t\t<div class=\"elementor-column elementor-col-100 elementor-top-column elementor-element elementor-element-f64e6b3\" data-id=\"f64e6b3\" data-element_type=\"column\">\n\t\t\t<div class=\"elementor-widget-wrap elementor-element-populated\">\n\t\t\t\t\t\t<div class=\"elementor-element elementor-element-d850fa2 elementor-align-right elementor-widget elementor-widget-button\" data-id=\"d850fa2\" data-element_type=\"widget\" data-widget_type=\"button.default\">\n\t\t\t\t<div class=\"elementor-widget-container\">\n\t\t\t\t\t\t\t\t\t<div class=\"elementor-button-wrapper\">\n\t\t\t\t\t<a class=\"elementor-button elementor-button-link elementor-size-sm\" href=\"https:\/\/www.krzysztofkolodziej.com\/domkopernika\">\n\t\t\t\t\t\t<span class=\"elementor-button-content-wrapper\">\n\t\t\t\t\t\t<span class=\"elementor-button-icon\">\n\t\t\t\t<svg xmlns=\"http:\/\/www.w3.org\/2000\/svg\" xmlns:xlink=\"http:\/\/www.w3.org\/1999\/xlink\" xmlns:serif=\"http:\/\/www.serif.com\/\" width=\"100%\" height=\"100%\" viewBox=\"0 0 24 24\" xml:space=\"preserve\" style=\"fill-rule:evenodd;clip-rule:evenodd;stroke-linejoin:round;stroke-miterlimit:2;\">    <g transform=\"matrix(-1.09154,-1.09154,1.09154,-1.09154,12.8767,38.0632)\">        <path d=\"M11,4L11,16.175L5.4,10.575L4,12L12,20L20,12L18.6,10.575L13,16.175L13,4L11,4Z\" style=\"fill-rule:nonzero;\"><\/path>    <\/g><\/svg>\t\t\t<\/span>\n\t\t\t\t\t\t\t\t\t<span class=\"elementor-button-text\">Strona g\u0142\u00f3wna<\/span>\n\t\t\t\t\t<\/span>\n\t\t\t\t\t<\/a>\n\t\t\t\t<\/div>\n\t\t\t\t\t\t\t\t<\/div>\n\t\t\t\t<\/div>\n\t\t\t\t<div class=\"elementor-element elementor-element-141bef8 elementor-align-left elementor-widget elementor-widget-button\" data-id=\"141bef8\" data-element_type=\"widget\" data-widget_type=\"button.default\">\n\t\t\t\t<div class=\"elementor-widget-container\">\n\t\t\t\t\t\t\t\t\t<div class=\"elementor-button-wrapper\">\n\t\t\t\t\t<a class=\"elementor-button elementor-size-sm\" role=\"button\">\n\t\t\t\t\t\t<span class=\"elementor-button-content-wrapper\">\n\t\t\t\t\t\t\t\t\t<span class=\"elementor-button-text\">ASTRONOMIA<\/span>\n\t\t\t\t\t<\/span>\n\t\t\t\t\t<\/a>\n\t\t\t\t<\/div>\n\t\t\t\t\t\t\t\t<\/div>\n\t\t\t\t<\/div>\n\t\t\t\t<div class=\"elementor-element elementor-element-f659cda elementor-widget elementor-widget-heading\" data-id=\"f659cda\" data-element_type=\"widget\" data-widget_type=\"heading.default\">\n\t\t\t\t<div class=\"elementor-widget-container\">\n\t\t\t\t\t<h2 class=\"elementor-heading-title elementor-size-default\">Najnowsze wiadomo\u015bci z obszaru astronomii:<\/h2>\t\t\t\t<\/div>\n\t\t\t\t<\/div>\n\t\t\t\t<div class=\"elementor-element elementor-element-7e4e487 anwp-pg-widget-header-style--b anwp-pg-post-teaser__post-icon--size-16 elementor-widget elementor-widget-anwp-pg-classic-blog\" data-id=\"7e4e487\" data-element_type=\"widget\" data-widget_type=\"anwp-pg-classic-blog.default\">\n\t\t\t\t<div class=\"elementor-widget-container\">\n\t\t\t\t\t<div class=\"anwp-pg-wrap\">\n\n\t\n\t<div class=\"anwp-pg-classic-blog anwp-pg-posts-wrapper\">\n\t\t<div class=\"anwp-pg-post-teaser anwp-pg-post-teaser--layout-classic anwp-row anwp-no-gutters\">\n\n\t\t\t<div class=\"anwp-pg-post-teaser__thumbnail position-relative mb-2 mb-md-0 anwp-col-md-4\">\n\t\t\t\t\t\t\t<div class=\"anwp-pg-post-teaser__top-meta d-flex flex-column anwp-pg-post-teaser__category-column mr-auto\">\n\t\t\t\t\t<div class=\"anwp-pg-category__wrapper-filled px-2 d-flex align-items-center anwp-pg-post-teaser__category-wrapper align-self-start anwp-pg-category-parent-0\" style=\"background-color: #1565C0\"><span>Astronomia<\/span><\/div>\t\t\t\t<\/div>\n\t\t\t\t\n\t\t\t<img decoding=\"async\" loading=\"lazy\" src=\"https:\/\/www.krzysztofkolodziej.com\/domkopernika\/wp-content\/uploads\/2024\/12\/0DVRXPBwBfwctBkRoandrew_inside_3.png\"\/>\n\n\t\t\t<div class=\"anwp-pg-post-teaser__thumbnail-classic-bg anwp-position-cover\"><\/div>\n\n\t\t\t<a class=\"anwp-position-cover anwp-link-without-effects\" href=\"https:\/\/www.krzysztofkolodziej.com\/domkopernika\/astronomia\/naukowcy-z-politechniki-wroclawskiej-pomoga-zbadac-pogode-kosmiczna\/\" aria-hidden=\"true\" ><\/a>\n\t\t<\/div>\n\t\n\t<div class=\"anwp-pg-post-teaser__content anwp-col-md-8\">\n\n\t\t<div class=\"anwp-pg-post-teaser__title anwp-font-heading my-2\">\n\t\t\t<a class=\"anwp-link-without-effects\" href=\"https:\/\/www.krzysztofkolodziej.com\/domkopernika\/astronomia\/naukowcy-z-politechniki-wroclawskiej-pomoga-zbadac-pogode-kosmiczna\/\" aria-hidden=\"true\" >\n\t\t\t\tNaukowcy z Politechniki Wroc\u0142awskiej pomog\u0105 zbada\u0107 pogod\u0119 kosmiczn\u0105\t\t\t<\/a>\n\t\t<\/div>\n\n\t\t<div class=\"anwp-pg-post-teaser__bottom-meta d-flex flex-wrap\">\n\n\t\t\t\n\t\t\t\t\t\t\t<div class=\"anwp-pg-post-teaser__bottom-meta-item d-flex align-items-center mr-4\">\n\t\t\t\t\t<svg class=\"anwp-pg-icon anwp-pg-icon--s16 mr-2\">\n\t\t\t\t\t\t<use xlink:href=\"#icon-anwp-pg-calendar\"><\/use>\n\t\t\t\t\t<\/svg>\n\t\t\t\t\t<span class=\"screen-reader-text\">Posted on<\/span><time class=\"anwp-pg-published\" datetime=\"2024-12-16T12:25:52+01:00\">16 grudnia, 2024<\/time><time class=\"anwp-pg-updated\" datetime=\"2024-12-16T12:25:52+01:00\">16 grudnia, 2024<\/time>\t\t\t\t<\/div>\n\t\t\t\t\t\t<\/div>\n\n\t\t<div class=\"anwp-pg-post-teaser__excerpt mt-2\">\n\t\t\tNa Politechnice Wroc\u0142awskiej rozpocz\u0119\u0142y si\u0119 prace nad urz\u0105dzeniem, kt\u00f3re b\u0119dzie wykorzystywane do analizy \u201epogody kosmicznej\u201d. Instrument naukowy o nazwie ANDREW zmierzy st\u0119\u017cenie cz\u0105steczek neutralnych i st\u0119\u017cenie tlenu atomowego w rozrzedzonej&hellip;\t\t<\/div>\n\n\t\t\t<\/div>\n<\/div>\n<div class=\"anwp-pg-post-teaser anwp-pg-post-teaser--layout-classic anwp-row anwp-no-gutters\">\n\n\t\t\t<div class=\"anwp-pg-post-teaser__thumbnail position-relative mb-2 mb-md-0 anwp-col-md-4\">\n\t\t\t\t\t\t\t<div class=\"anwp-pg-post-teaser__top-meta d-flex flex-column anwp-pg-post-teaser__category-column mr-auto\">\n\t\t\t\t\t<div class=\"anwp-pg-category__wrapper-filled px-2 d-flex align-items-center anwp-pg-post-teaser__category-wrapper align-self-start anwp-pg-category-parent-0\" style=\"background-color: #1565C0\"><span>Astronomia<\/span><\/div>\t\t\t\t<\/div>\n\t\t\t\t\n\t\t\t<img decoding=\"async\" loading=\"lazy\" src=\"https:\/\/www.krzysztofkolodziej.com\/domkopernika\/wp-content\/uploads\/2024\/12\/Gdy0o4dWcAAkdzK-1024x683.jpeg\"\/>\n\n\t\t\t<div class=\"anwp-pg-post-teaser__thumbnail-classic-bg anwp-position-cover\"><\/div>\n\n\t\t\t<a class=\"anwp-position-cover anwp-link-without-effects\" href=\"https:\/\/www.krzysztofkolodziej.com\/domkopernika\/astronomia\/polski-astronauta-na-miedzynarodowej-stacji-kosmicznej\/\" aria-hidden=\"true\" ><\/a>\n\t\t<\/div>\n\t\n\t<div class=\"anwp-pg-post-teaser__content anwp-col-md-8\">\n\n\t\t<div class=\"anwp-pg-post-teaser__title anwp-font-heading my-2\">\n\t\t\t<a class=\"anwp-link-without-effects\" href=\"https:\/\/www.krzysztofkolodziej.com\/domkopernika\/astronomia\/polski-astronauta-na-miedzynarodowej-stacji-kosmicznej\/\" aria-hidden=\"true\" >\n\t\t\t\tPolski astronauta na Mi\u0119dzynarodowej Stacji Kosmicznej\t\t\t<\/a>\n\t\t<\/div>\n\n\t\t<div class=\"anwp-pg-post-teaser__bottom-meta d-flex flex-wrap\">\n\n\t\t\t\n\t\t\t\t\t\t\t<div class=\"anwp-pg-post-teaser__bottom-meta-item d-flex align-items-center mr-4\">\n\t\t\t\t\t<svg class=\"anwp-pg-icon anwp-pg-icon--s16 mr-2\">\n\t\t\t\t\t\t<use xlink:href=\"#icon-anwp-pg-calendar\"><\/use>\n\t\t\t\t\t<\/svg>\n\t\t\t\t\t<span class=\"screen-reader-text\">Posted on<\/span><time class=\"anwp-pg-published\" datetime=\"2024-12-06T15:54:58+01:00\">6 grudnia, 2024<\/time><time class=\"anwp-pg-updated\" datetime=\"2024-12-06T15:54:58+01:00\">6 grudnia, 2024<\/time>\t\t\t\t<\/div>\n\t\t\t\t\t\t<\/div>\n\n\t\t<div class=\"anwp-pg-post-teaser__excerpt mt-2\">\n\t\t\tRok 2025 zapisze si\u0119 w historii polskiego sektora kosmicznego jako moment prze\u0142omowy. Dr S\u0142awosz Uzna\u0144ski, astronauta projektowy Europejskiej Agencji Kosmicznej (ESA), we\u017amie udzia\u0142 w pierwszej polskiej misji technologiczno-naukowej na Mi\u0119dzynarodowej&hellip;\t\t<\/div>\n\n\t\t\t<\/div>\n<\/div>\n<div class=\"anwp-pg-post-teaser anwp-pg-post-teaser--layout-classic anwp-row anwp-no-gutters\">\n\n\t\t\t<div class=\"anwp-pg-post-teaser__thumbnail position-relative mb-2 mb-md-0 anwp-col-md-4\">\n\t\t\t\t\t\t\t<div class=\"anwp-pg-post-teaser__top-meta d-flex flex-column anwp-pg-post-teaser__category-column mr-auto\">\n\t\t\t\t\t<div class=\"anwp-pg-category__wrapper-filled px-2 d-flex align-items-center anwp-pg-post-teaser__category-wrapper align-self-start anwp-pg-category-parent-0\" style=\"background-color: #1565C0\"><span>Astronomia<\/span><\/div>\t\t\t\t<\/div>\n\t\t\t\t\n\t\t\t<img decoding=\"async\" loading=\"lazy\" src=\"https:\/\/www.krzysztofkolodziej.com\/domkopernika\/wp-content\/uploads\/2024\/12\/Proba-3_within_PSLV-XL_launcher_pillars-1024x768.jpg\"\/>\n\n\t\t\t<div class=\"anwp-pg-post-teaser__thumbnail-classic-bg anwp-position-cover\"><\/div>\n\n\t\t\t<a class=\"anwp-position-cover anwp-link-without-effects\" href=\"https:\/\/www.krzysztofkolodziej.com\/domkopernika\/astronomia\/proba-3-misja-kosmiczna-w-ktorej-tworzeniu-brali-udzial-polacy\/\" aria-hidden=\"true\" ><\/a>\n\t\t<\/div>\n\t\n\t<div class=\"anwp-pg-post-teaser__content anwp-col-md-8\">\n\n\t\t<div class=\"anwp-pg-post-teaser__title anwp-font-heading my-2\">\n\t\t\t<a class=\"anwp-link-without-effects\" href=\"https:\/\/www.krzysztofkolodziej.com\/domkopernika\/astronomia\/proba-3-misja-kosmiczna-w-ktorej-tworzeniu-brali-udzial-polacy\/\" aria-hidden=\"true\" >\n\t\t\t\tProba-3. Misja kosmiczna, w kt\u00f3rej tworzeniu brali udzia\u0142 Polacy\t\t\t<\/a>\n\t\t<\/div>\n\n\t\t<div class=\"anwp-pg-post-teaser__bottom-meta d-flex flex-wrap\">\n\n\t\t\t\n\t\t\t\t\t\t\t<div class=\"anwp-pg-post-teaser__bottom-meta-item d-flex align-items-center mr-4\">\n\t\t\t\t\t<svg class=\"anwp-pg-icon anwp-pg-icon--s16 mr-2\">\n\t\t\t\t\t\t<use xlink:href=\"#icon-anwp-pg-calendar\"><\/use>\n\t\t\t\t\t<\/svg>\n\t\t\t\t\t<span class=\"screen-reader-text\">Posted on<\/span><time class=\"anwp-pg-published\" datetime=\"2024-12-06T15:18:01+01:00\">6 grudnia, 2024<\/time><time class=\"anwp-pg-updated\" datetime=\"2024-12-06T15:18:38+01:00\">6 grudnia, 2024<\/time>\t\t\t\t<\/div>\n\t\t\t\t\t\t<\/div>\n\n\t\t<div class=\"anwp-pg-post-teaser__excerpt mt-2\">\n\t\t\tEuropejska Agencja Kosmiczna (ESA) przeprowadzi\u0142a 5 grudnia 2024 roku start misji Proba-3, wykorzystuj\u0105c rakiet\u0119 PSLV-XL z indyjskiego Centrum Kosmicznego Satish Dhawan. Misja ta, w kt\u00f3rej bra\u0142o udzia\u0142 40 podmiot\u00f3w z&hellip;\t\t<\/div>\n\n\t\t\t<\/div>\n<\/div>\n<div class=\"anwp-pg-post-teaser anwp-pg-post-teaser--layout-classic anwp-row anwp-no-gutters\">\n\n\t\t\t<div class=\"anwp-pg-post-teaser__thumbnail position-relative mb-2 mb-md-0 anwp-col-md-4\">\n\t\t\t\t\t\t\t<div class=\"anwp-pg-post-teaser__top-meta d-flex flex-column anwp-pg-post-teaser__category-column mr-auto\">\n\t\t\t\t\t<div class=\"anwp-pg-category__wrapper-filled px-2 d-flex align-items-center anwp-pg-post-teaser__category-wrapper align-self-start anwp-pg-category-parent-0\" style=\"background-color: #1565C0\"><span>Astronomia<\/span><\/div>\t\t\t\t<\/div>\n\t\t\t\t\n\t\t\t<img decoding=\"async\" loading=\"lazy\" src=\"https:\/\/www.krzysztofkolodziej.com\/domkopernika\/wp-content\/uploads\/2024\/12\/zP66_202410282210collage_umsf-300x294-1.jpg\"\/>\n\n\t\t\t<div class=\"anwp-pg-post-teaser__thumbnail-classic-bg anwp-position-cover\"><\/div>\n\n\t\t\t<a class=\"anwp-position-cover anwp-link-without-effects\" href=\"https:\/\/www.krzysztofkolodziej.com\/domkopernika\/astronomia\/piekno-gazowego-giganta-nowe-zdjecia-jowisza\/\" aria-hidden=\"true\" ><\/a>\n\t\t<\/div>\n\t\n\t<div class=\"anwp-pg-post-teaser__content anwp-col-md-8\">\n\n\t\t<div class=\"anwp-pg-post-teaser__title anwp-font-heading my-2\">\n\t\t\t<a class=\"anwp-link-without-effects\" href=\"https:\/\/www.krzysztofkolodziej.com\/domkopernika\/astronomia\/piekno-gazowego-giganta-nowe-zdjecia-jowisza\/\" aria-hidden=\"true\" >\n\t\t\t\tPi\u0119kno gazowego giganta \u2013 nowe zdj\u0119cia Jowisza\t\t\t<\/a>\n\t\t<\/div>\n\n\t\t<div class=\"anwp-pg-post-teaser__bottom-meta d-flex flex-wrap\">\n\n\t\t\t\n\t\t\t\t\t\t\t<div class=\"anwp-pg-post-teaser__bottom-meta-item d-flex align-items-center mr-4\">\n\t\t\t\t\t<svg class=\"anwp-pg-icon anwp-pg-icon--s16 mr-2\">\n\t\t\t\t\t\t<use xlink:href=\"#icon-anwp-pg-calendar\"><\/use>\n\t\t\t\t\t<\/svg>\n\t\t\t\t\t<span class=\"screen-reader-text\">Posted on<\/span><time class=\"anwp-pg-published\" datetime=\"2024-12-05T14:23:02+01:00\">5 grudnia, 2024<\/time><time class=\"anwp-pg-updated\" datetime=\"2024-12-05T14:23:02+01:00\">5 grudnia, 2024<\/time>\t\t\t\t<\/div>\n\t\t\t\t\t\t<\/div>\n\n\t\t<div class=\"anwp-pg-post-teaser__excerpt mt-2\">\n\t\t\tWyj\u0105tkowe zdj\u0119cia od \u201eJuno\u201d W listopadzie 2024 roku NASA opublikowa\u0142a nowe zdj\u0119cia Jowisza przes\u0142ane przez sond\u0119 Juno. Obejmuj\u0105 one detale burzliwych chmur oraz biegun\u00f3w gazowego giganta, uwieczniaj\u0105c ogromn\u0105 r\u00f3\u017cnorodno\u015b\u0107 formacji&hellip;\t\t<\/div>\n\n\t\t\t<\/div>\n<\/div>\n<div class=\"anwp-pg-post-teaser anwp-pg-post-teaser--layout-classic anwp-row anwp-no-gutters\">\n\n\t\t\t<div class=\"anwp-pg-post-teaser__thumbnail position-relative mb-2 mb-md-0 anwp-col-md-4\">\n\t\t\t\t\t\t\t<div class=\"anwp-pg-post-teaser__top-meta d-flex flex-column anwp-pg-post-teaser__category-column mr-auto\">\n\t\t\t\t\t<div class=\"anwp-pg-category__wrapper-filled px-2 d-flex align-items-center anwp-pg-post-teaser__category-wrapper align-self-start anwp-pg-category-parent-0\" style=\"background-color: #1565C0\"><span>Astronomia<\/span><\/div>\t\t\t\t<\/div>\n\t\t\t\t\n\t\t\t<img decoding=\"async\" loading=\"lazy\" src=\"https:\/\/www.krzysztofkolodziej.com\/domkopernika\/wp-content\/uploads\/2024\/11\/xMeteorytCzarnaPieknoscNWA7034.jpg.pagespeed.ic_.FxMfNn95os-300x258-1.webp\"\/>\n\n\t\t\t<div class=\"anwp-pg-post-teaser__thumbnail-classic-bg anwp-position-cover\"><\/div>\n\n\t\t\t<a class=\"anwp-position-cover anwp-link-without-effects\" href=\"https:\/\/www.krzysztofkolodziej.com\/domkopernika\/astronomia\/meteoryt-sprzed-45-miliarda-lat-ujawnia-obecnosc-goracej-wody-na-marsie\/\" aria-hidden=\"true\" ><\/a>\n\t\t<\/div>\n\t\n\t<div class=\"anwp-pg-post-teaser__content anwp-col-md-8\">\n\n\t\t<div class=\"anwp-pg-post-teaser__title anwp-font-heading my-2\">\n\t\t\t<a class=\"anwp-link-without-effects\" href=\"https:\/\/www.krzysztofkolodziej.com\/domkopernika\/astronomia\/meteoryt-sprzed-45-miliarda-lat-ujawnia-obecnosc-goracej-wody-na-marsie\/\" aria-hidden=\"true\" >\n\t\t\t\tMeteoryt sprzed 4,5 miliarda lat ujawnia obecno\u015b\u0107 gor\u0105cej wody na Marsie\t\t\t<\/a>\n\t\t<\/div>\n\n\t\t<div class=\"anwp-pg-post-teaser__bottom-meta d-flex flex-wrap\">\n\n\t\t\t\n\t\t\t\t\t\t\t<div class=\"anwp-pg-post-teaser__bottom-meta-item d-flex align-items-center mr-4\">\n\t\t\t\t\t<svg class=\"anwp-pg-icon anwp-pg-icon--s16 mr-2\">\n\t\t\t\t\t\t<use xlink:href=\"#icon-anwp-pg-calendar\"><\/use>\n\t\t\t\t\t<\/svg>\n\t\t\t\t\t<span class=\"screen-reader-text\">Posted on<\/span><time class=\"anwp-pg-published\" datetime=\"2024-11-29T11:40:33+01:00\">29 listopada, 2024<\/time><time class=\"anwp-pg-updated\" datetime=\"2024-11-29T11:40:33+01:00\">29 listopada, 2024<\/time>\t\t\t\t<\/div>\n\t\t\t\t\t\t<\/div>\n\n\t\t<div class=\"anwp-pg-post-teaser__excerpt mt-2\">\n\t\t\tNowe badania meteorytu Northwest Africa 7034 (NWA 7034), znanego r\u00f3wnie\u017c jako \u201eCzarna Pi\u0119kno\u015b\u0107\u201d, dostarczaj\u0105 najstarszych bezpo\u015brednich dowod\u00f3w na obecno\u015b\u0107 gor\u0105cej wody na Marsie w jego wczesnej historii. Czarna Pi\u0119kno\u015b\u0107 \u2013&hellip;\t\t<\/div>\n\n\t\t\t<\/div>\n<\/div>\n<div class=\"anwp-pg-post-teaser anwp-pg-post-teaser--layout-classic anwp-row anwp-no-gutters\">\n\n\t\t\t<div class=\"anwp-pg-post-teaser__thumbnail position-relative mb-2 mb-md-0 anwp-col-md-4\">\n\t\t\t\t\t\t\t<div class=\"anwp-pg-post-teaser__top-meta d-flex flex-column anwp-pg-post-teaser__category-column mr-auto\">\n\t\t\t\t\t<div class=\"anwp-pg-category__wrapper-filled px-2 d-flex align-items-center anwp-pg-post-teaser__category-wrapper align-self-start anwp-pg-category-parent-0\" style=\"background-color: #1565C0\"><span>Astronomia<\/span><\/div>\t\t\t\t<\/div>\n\t\t\t\t\n\t\t\t<img decoding=\"async\" loading=\"lazy\" src=\"https:\/\/www.krzysztofkolodziej.com\/domkopernika\/wp-content\/uploads\/2024\/11\/0DVRXPBwBfwctBkRoregolit1.jpg\"\/>\n\n\t\t\t<div class=\"anwp-pg-post-teaser__thumbnail-classic-bg anwp-position-cover\"><\/div>\n\n\t\t\t<a class=\"anwp-position-cover anwp-link-without-effects\" href=\"https:\/\/www.krzysztofkolodziej.com\/domkopernika\/astronomia\/wynalazek-z-politechniki-wroclawskiej-wspiera-rozwoj-bazy-na-ksiezycu\/\" aria-hidden=\"true\" ><\/a>\n\t\t<\/div>\n\t\n\t<div class=\"anwp-pg-post-teaser__content anwp-col-md-8\">\n\n\t\t<div class=\"anwp-pg-post-teaser__title anwp-font-heading my-2\">\n\t\t\t<a class=\"anwp-link-without-effects\" href=\"https:\/\/www.krzysztofkolodziej.com\/domkopernika\/astronomia\/wynalazek-z-politechniki-wroclawskiej-wspiera-rozwoj-bazy-na-ksiezycu\/\" aria-hidden=\"true\" >\n\t\t\t\tWynalazek z Politechniki Wroc\u0142awskiej wspiera rozw\u00f3j bazy na Ksi\u0119\u017cycu\t\t\t<\/a>\n\t\t<\/div>\n\n\t\t<div class=\"anwp-pg-post-teaser__bottom-meta d-flex flex-wrap\">\n\n\t\t\t\n\t\t\t\t\t\t\t<div class=\"anwp-pg-post-teaser__bottom-meta-item d-flex align-items-center mr-4\">\n\t\t\t\t\t<svg class=\"anwp-pg-icon anwp-pg-icon--s16 mr-2\">\n\t\t\t\t\t\t<use xlink:href=\"#icon-anwp-pg-calendar\"><\/use>\n\t\t\t\t\t<\/svg>\n\t\t\t\t\t<span class=\"screen-reader-text\">Posted on<\/span><time class=\"anwp-pg-published\" datetime=\"2024-11-26T18:39:41+01:00\">26 listopada, 2024<\/time><time class=\"anwp-pg-updated\" datetime=\"2024-11-29T09:55:02+01:00\">29 listopada, 2024<\/time>\t\t\t\t<\/div>\n\t\t\t\t\t\t<\/div>\n\n\t\t<div class=\"anwp-pg-post-teaser__excerpt mt-2\">\n\t\t\tEksploracja Ksi\u0119\u017cyca b\u0119dzie wymaga\u0142a maksymalnego korzystania z jego zasob\u00f3w \u2013 np. ksi\u0119\u017cycowej \u201egleby\u201d, czyli regolitu. Naukowcy z Politechniki Wroc\u0142awskiej, we wsp\u00f3\u0142pracy z wroc\u0142awsk\u0105 sp\u00f3\u0142k\u0105 Four Point opracowali koncepcj\u0119 urz\u0105dzenia do&hellip;\t\t<\/div>\n\n\t\t\t<\/div>\n<\/div>\n<div class=\"anwp-pg-post-teaser anwp-pg-post-teaser--layout-classic anwp-row anwp-no-gutters\">\n\n\t\n\t<div class=\"anwp-pg-post-teaser__content anwp-col-12\">\n\n\t\t<div class=\"anwp-pg-post-teaser__title anwp-font-heading my-2\">\n\t\t\t<a class=\"anwp-link-without-effects\" href=\"https:\/\/www.krzysztofkolodziej.com\/domkopernika\/astronomia\/festiwal-mikolaja-kopernika-w-krakowie-kopernikaria\/\" aria-hidden=\"true\" >\n\t\t\t\tFestiwal Miko\u0142aja Kopernika w Krakowie \u2013 Kopernikaria\t\t\t<\/a>\n\t\t<\/div>\n\n\t\t<div class=\"anwp-pg-post-teaser__bottom-meta d-flex flex-wrap\">\n\n\t\t\t\n\t\t\t\t\t\t\t<div class=\"anwp-pg-post-teaser__bottom-meta-item d-flex align-items-center mr-4\">\n\t\t\t\t\t<svg class=\"anwp-pg-icon anwp-pg-icon--s16 mr-2\">\n\t\t\t\t\t\t<use xlink:href=\"#icon-anwp-pg-calendar\"><\/use>\n\t\t\t\t\t<\/svg>\n\t\t\t\t\t<span class=\"screen-reader-text\">Posted on<\/span><time class=\"anwp-pg-published\" datetime=\"2024-11-25T07:40:36+01:00\">25 listopada, 2024<\/time><time class=\"anwp-pg-updated\" datetime=\"2024-11-29T09:55:14+01:00\">29 listopada, 2024<\/time>\t\t\t\t<\/div>\n\t\t\t\t\t\t<\/div>\n\n\t\t<div class=\"anwp-pg-post-teaser__excerpt mt-2\">\n\t\t\tJu\u017c dzi\u015b, 25 listopada, w Krakowie odb\u0119dzie si\u0119 kolejne wydarzenie w ramach Festiwalu im. Miko\u0142aja Kopernika \u2013 Kopernikaria. Szko\u0142a G\u0142\u00f3wna Miko\u0142aja Kopernika jest partnerem merytorycznym spotkania. W ramach festiwalu wyk\u0142ad&hellip;\t\t<\/div>\n\n\t\t\t<\/div>\n<\/div>\n<div class=\"anwp-pg-post-teaser anwp-pg-post-teaser--layout-classic anwp-row anwp-no-gutters\">\n\n\t\t\t<div class=\"anwp-pg-post-teaser__thumbnail position-relative mb-2 mb-md-0 anwp-col-md-4\">\n\t\t\t\t\t\t\t<div class=\"anwp-pg-post-teaser__top-meta d-flex flex-column anwp-pg-post-teaser__category-column mr-auto\">\n\t\t\t\t\t<div class=\"anwp-pg-category__wrapper-filled px-2 d-flex align-items-center anwp-pg-post-teaser__category-wrapper align-self-start anwp-pg-category-parent-0\" style=\"background-color: #1565C0\"><span>Astronomia<\/span><\/div>\t\t\t\t<\/div>\n\t\t\t\t\n\t\t\t<img decoding=\"async\" loading=\"lazy\" src=\"https:\/\/www.krzysztofkolodziej.com\/domkopernika\/wp-content\/uploads\/2024\/11\/GNX21SPbkAAjFxI-1024x526-1.jpg\"\/>\n\n\t\t\t<div class=\"anwp-pg-post-teaser__thumbnail-classic-bg anwp-position-cover\"><\/div>\n\n\t\t\t<a class=\"anwp-position-cover anwp-link-without-effects\" href=\"https:\/\/www.krzysztofkolodziej.com\/domkopernika\/astronomia\/pierwszy-na-swiecie-drewniany-satelita-wystrzelony-w-kosmos\/\" aria-hidden=\"true\" ><\/a>\n\t\t<\/div>\n\t\n\t<div class=\"anwp-pg-post-teaser__content anwp-col-md-8\">\n\n\t\t<div class=\"anwp-pg-post-teaser__title anwp-font-heading my-2\">\n\t\t\t<a class=\"anwp-link-without-effects\" href=\"https:\/\/www.krzysztofkolodziej.com\/domkopernika\/astronomia\/pierwszy-na-swiecie-drewniany-satelita-wystrzelony-w-kosmos\/\" aria-hidden=\"true\" >\n\t\t\t\tPierwszy na \u015bwiecie drewniany satelita wystrzelony w kosmos\t\t\t<\/a>\n\t\t<\/div>\n\n\t\t<div class=\"anwp-pg-post-teaser__bottom-meta d-flex flex-wrap\">\n\n\t\t\t\n\t\t\t\t\t\t\t<div class=\"anwp-pg-post-teaser__bottom-meta-item d-flex align-items-center mr-4\">\n\t\t\t\t\t<svg class=\"anwp-pg-icon anwp-pg-icon--s16 mr-2\">\n\t\t\t\t\t\t<use xlink:href=\"#icon-anwp-pg-calendar\"><\/use>\n\t\t\t\t\t<\/svg>\n\t\t\t\t\t<span class=\"screen-reader-text\">Posted on<\/span><time class=\"anwp-pg-published\" datetime=\"2024-11-06T12:33:50+01:00\">6 listopada, 2024<\/time><time class=\"anwp-pg-updated\" datetime=\"2024-11-06T12:33:50+01:00\">6 listopada, 2024<\/time>\t\t\t\t<\/div>\n\t\t\t\t\t\t<\/div>\n\n\t\t<div class=\"anwp-pg-post-teaser__excerpt mt-2\">\n\t\t\tRakieta Falcon 9 wynios\u0142a w kosmos pierwszego na \u015bwiecie drewnianego satelit\u0119 LingoSat. Zosta\u0142 on zbudowany przez badaczy z Uniwersytetu w Kioto i firm\u0119 Sumitomo Forestry. Ma umo\u017cliwi\u0107 sprawdzenie mo\u017cliwo\u015bci wykorzystania&hellip;\t\t<\/div>\n\n\t\t\t<\/div>\n<\/div>\n<div class=\"anwp-pg-post-teaser anwp-pg-post-teaser--layout-classic anwp-row anwp-no-gutters\">\n\n\t\t\t<div class=\"anwp-pg-post-teaser__thumbnail position-relative mb-2 mb-md-0 anwp-col-md-4\">\n\t\t\t\t\t\t\t<div class=\"anwp-pg-post-teaser__top-meta d-flex flex-column anwp-pg-post-teaser__category-column mr-auto\">\n\t\t\t\t\t<div class=\"anwp-pg-category__wrapper-filled px-2 d-flex align-items-center anwp-pg-post-teaser__category-wrapper align-self-start anwp-pg-category-parent-0\" style=\"background-color: #1565C0\"><span>Astronomia<\/span><\/div>\t\t\t\t<\/div>\n\t\t\t\t\n\t\t\t<img decoding=\"async\" loading=\"lazy\" src=\"https:\/\/www.krzysztofkolodziej.com\/domkopernika\/wp-content\/uploads\/2024\/11\/GbJ7yBcXEAAaqLJ.jpg\"\/>\n\n\t\t\t<div class=\"anwp-pg-post-teaser__thumbnail-classic-bg anwp-position-cover\"><\/div>\n\n\t\t\t<a class=\"anwp-position-cover anwp-link-without-effects\" href=\"https:\/\/www.krzysztofkolodziej.com\/domkopernika\/astronomia\/niezwykle-odkrycie-na-marsie-zielone-plamy-na-skalach\/\" aria-hidden=\"true\" ><\/a>\n\t\t<\/div>\n\t\n\t<div class=\"anwp-pg-post-teaser__content anwp-col-md-8\">\n\n\t\t<div class=\"anwp-pg-post-teaser__title anwp-font-heading my-2\">\n\t\t\t<a class=\"anwp-link-without-effects\" href=\"https:\/\/www.krzysztofkolodziej.com\/domkopernika\/astronomia\/niezwykle-odkrycie-na-marsie-zielone-plamy-na-skalach\/\" aria-hidden=\"true\" >\n\t\t\t\tNiezwyk\u0142e odkrycie na Marsie \u2013 zielone plamy na ska\u0142ach\t\t\t<\/a>\n\t\t<\/div>\n\n\t\t<div class=\"anwp-pg-post-teaser__bottom-meta d-flex flex-wrap\">\n\n\t\t\t\n\t\t\t\t\t\t\t<div class=\"anwp-pg-post-teaser__bottom-meta-item d-flex align-items-center mr-4\">\n\t\t\t\t\t<svg class=\"anwp-pg-icon anwp-pg-icon--s16 mr-2\">\n\t\t\t\t\t\t<use xlink:href=\"#icon-anwp-pg-calendar\"><\/use>\n\t\t\t\t\t<\/svg>\n\t\t\t\t\t<span class=\"screen-reader-text\">Posted on<\/span><time class=\"anwp-pg-published\" datetime=\"2024-11-05T11:04:34+01:00\">5 listopada, 2024<\/time><time class=\"anwp-pg-updated\" datetime=\"2024-11-05T11:08:25+01:00\">5 listopada, 2024<\/time>\t\t\t\t<\/div>\n\t\t\t\t\t\t<\/div>\n\n\t\t<div class=\"anwp-pg-post-teaser__excerpt mt-2\">\n\t\t\tNale\u017c\u0105cy do NASA \u0142azik\u00a0Perseverance, eksploruj\u0105cy powierzchni\u0119 Marsa dokona\u0142 zaskakuj\u0105cego odkrycia. Na wykonanych zdj\u0119ciach widoczne s\u0105 zabarwione na zielono ska\u0142y. Naukowcy przekonuj\u0105, \u017ce mo\u017ce to \u015bwiadczy\u0107 o wyst\u0119powaniu na Czerwonej Planecie&hellip;\t\t<\/div>\n\n\t\t\t<\/div>\n<\/div>\n<div class=\"anwp-pg-post-teaser anwp-pg-post-teaser--layout-classic anwp-row anwp-no-gutters\">\n\n\t\t\t<div class=\"anwp-pg-post-teaser__thumbnail position-relative mb-2 mb-md-0 anwp-col-md-4\">\n\t\t\t\t\t\t\t<div class=\"anwp-pg-post-teaser__top-meta d-flex flex-column anwp-pg-post-teaser__category-column mr-auto\">\n\t\t\t\t\t<div class=\"anwp-pg-category__wrapper-filled px-2 d-flex align-items-center anwp-pg-post-teaser__category-wrapper align-self-start anwp-pg-category-parent-0\" style=\"background-color: #1565C0\"><span>Astronomia<\/span><\/div>\t\t\t\t<\/div>\n\t\t\t\t\n\t\t\t<img decoding=\"async\" loading=\"lazy\" src=\"https:\/\/www.krzysztofkolodziej.com\/domkopernika\/wp-content\/uploads\/2024\/10\/GaphDQLXwAATyIb-1024x683-1.jpg\"\/>\n\n\t\t\t<div class=\"anwp-pg-post-teaser__thumbnail-classic-bg anwp-position-cover\"><\/div>\n\n\t\t\t<a class=\"anwp-position-cover anwp-link-without-effects\" href=\"https:\/\/www.krzysztofkolodziej.com\/domkopernika\/astronomia\/powstalo-polskie-partnerstwo-dla-obserwacji-ziemi\/\" aria-hidden=\"true\" ><\/a>\n\t\t<\/div>\n\t\n\t<div class=\"anwp-pg-post-teaser__content anwp-col-md-8\">\n\n\t\t<div class=\"anwp-pg-post-teaser__title anwp-font-heading my-2\">\n\t\t\t<a class=\"anwp-link-without-effects\" href=\"https:\/\/www.krzysztofkolodziej.com\/domkopernika\/astronomia\/powstalo-polskie-partnerstwo-dla-obserwacji-ziemi\/\" aria-hidden=\"true\" >\n\t\t\t\tPowsta\u0142o Polskie Partnerstwo dla Obserwacji Ziemi\t\t\t<\/a>\n\t\t<\/div>\n\n\t\t<div class=\"anwp-pg-post-teaser__bottom-meta d-flex flex-wrap\">\n\n\t\t\t\n\t\t\t\t\t\t\t<div class=\"anwp-pg-post-teaser__bottom-meta-item d-flex align-items-center mr-4\">\n\t\t\t\t\t<svg class=\"anwp-pg-icon anwp-pg-icon--s16 mr-2\">\n\t\t\t\t\t\t<use xlink:href=\"#icon-anwp-pg-calendar\"><\/use>\n\t\t\t\t\t<\/svg>\n\t\t\t\t\t<span class=\"screen-reader-text\">Posted on<\/span><time class=\"anwp-pg-published\" datetime=\"2024-10-25T13:01:27+02:00\">25 pa\u017adziernika, 2024<\/time><time class=\"anwp-pg-updated\" datetime=\"2024-10-25T15:32:25+02:00\">25 pa\u017adziernika, 2024<\/time>\t\t\t\t<\/div>\n\t\t\t\t\t\t<\/div>\n\n\t\t<div class=\"anwp-pg-post-teaser__excerpt mt-2\">\n\t\t\tDziesi\u0119\u0107 firm i instytucji przyst\u0105pi\u0142o do Polskiego Partnerstwa dla Obserwacji Ziemi. Zgodnie z podpisan\u0105 24 pa\u017adziernika br. umow\u0105, b\u0119d\u0105 wsp\u00f3lnie tworzy\u0107 nowe technologie obrazowania naszego globu i opracowywa\u0107 rodzim\u0105 strategi\u0119&hellip;\t\t<\/div>\n\n\t\t\t<\/div>\n<\/div>\n\t<\/div>\n\t\n\t<nav aria-label=\"anwp-pg-pagination-navigation\" class=\"anwp-pg-pagination-navigation position-relative\">\n\t<ul class=\"anwp-pg-pagination mx-0 justify-content-center flex-wrap\"\n\t\tdata-anwp-show_previous=\"yes\"\n\t\tdata-anwp-show_next=\"yes\"\n\t\tdata-anwp-show_first_ellipsis=\"yes\"\n\t\tdata-anwp-show_last_ellipsis=\"yes\"\n\t\tdata-anwp-auto_hide_previous=\"no\"\n\t\tdata-anwp-auto_hide_next=\"no\"\n\t\tdata-anwp-show_page_numbers=\"yes\"\n\t\tdata-anwp-page_range=\"2\"\n\t\tdata-anwp-text_previous=\"\"\n\t\tdata-anwp-text_next=\"\"\n\t\tdata-anwp-total=\"2\"\n\t\tdata-anwp-limit=\"10\"\n\t\tdata-anwp-pagination=\"{&quot;posts_to_show&quot;:&quot;latest&quot;,&quot;include_ids&quot;:&quot;&quot;,&quot;exclude_ids&quot;:&quot;&quot;,&quot;exclude_by_category&quot;:&quot;&quot;,&quot;filter_by_category&quot;:&quot;310&quot;,&quot;filter_by_tag&quot;:&quot;&quot;,&quot;filter_by_post_format&quot;:&quot;all&quot;,&quot;filter_by_author&quot;:&quot;&quot;,&quot;published_in_last_days&quot;:0,&quot;limit&quot;:10,&quot;offset&quot;:&quot;&quot;,&quot;grid_cols&quot;:3,&quot;grid_cols_tablet&quot;:2,&quot;grid_cols_mobile&quot;:1,&quot;grid_thumbnail_size&quot;:&quot;large&quot;,&quot;show_category&quot;:&quot;yes&quot;,&quot;category_limit&quot;:1,&quot;show_date&quot;:&quot;yes&quot;,&quot;show_author&quot;:&quot;&quot;,&quot;show_comments&quot;:&quot;yes&quot;,&quot;card_height&quot;:&quot;180&quot;,&quot;show_excerpt&quot;:&quot;yes&quot;,&quot;excerpt_num_words&quot;:55,&quot;excerpt_source&quot;:&quot;&quot;,&quot;excerpt_html&quot;:&quot;no&quot;,&quot;layout&quot;:&quot;classic&quot;,&quot;show_read_more&quot;:&quot;&quot;,&quot;read_more_label&quot;:&quot;Czytaj dalej&quot;,&quot;read_more_class&quot;:&quot;&quot;,&quot;post_image_width&quot;:&quot;1_3&quot;,&quot;show_post_icon&quot;:&quot;yes&quot;,&quot;query_source&quot;:&quot;posts&quot;,&quot;related_posts&quot;:&quot;&quot;,&quot;related_posts_order&quot;:&quot;&quot;,&quot;card_height_mobile&quot;:&quot;&quot;,&quot;card_height_tablet&quot;:&quot;&quot;,&quot;filter_by_c_tax&quot;:&quot;&quot;,&quot;labels_by_c_tax&quot;:&quot;&quot;}\"><\/ul>\n<\/nav>\n<\/div>\n\t\t\t\t<\/div>\n\t\t\t\t<\/div>\n\t\t\t\t\t<\/div>\n\t\t<\/div>\n\t\t\t\t\t<\/div>\n\t\t<\/section>\n\t\t\t\t<\/div>\n\t\t","protected":false},"excerpt":{"rendered":"<p>Strona g\u0142\u00f3wna ASTRONOMIA Najnowsze wiadomo\u015bci z obszaru astronomii: Astronomia Powsta\u0142o Polskie Partnerstwo dla Obserwacji Ziemi Posted on25 pa\u017adziernika, 202425 pa\u017adziernika, 2024 Dziesi\u0119\u0107 firm i instytucji przyst\u0105pi\u0142o do Polskiego Partnerstwa dla&hellip;<\/p>\n","protected":false},"author":4,"featured_media":0,"parent":0,"menu_order":0,"comment_status":"closed","ping_status":"closed","template":"","meta":{"footnotes":""},"class_list":["post-36140","page","type-page","status-publish","hentry"],"yoast_head":"<!-- This site is optimized with the Yoast SEO plugin v27.5 - https:\/\/yoast.com\/product\/yoast-seo-wordpress\/ -->\n<title>Astronomia - Dom Kopernika<\/title>\n<meta name=\"robots\" content=\"noindex, follow\" \/>\n<meta property=\"og:locale\" content=\"pl_PL\" \/>\n<meta property=\"og:type\" content=\"article\" \/>\n<meta property=\"og:title\" content=\"Astronomia - Dom Kopernika\" \/>\n<meta property=\"og:description\" content=\"Strona g\u0142\u00f3wna ASTRONOMIA Najnowsze wiadomo\u015bci z obszaru astronomii: Astronomia Powsta\u0142o Polskie Partnerstwo dla Obserwacji Ziemi Posted on25 pa\u017adziernika, 202425 pa\u017adziernika, 2024 Dziesi\u0119\u0107 firm i instytucji przyst\u0105pi\u0142o do Polskiego Partnerstwa dla&hellip;\" \/>\n<meta property=\"og:url\" content=\"https:\/\/www.krzysztofkolodziej.com\/domkopernika\/astronomia\/\" \/>\n<meta property=\"og:site_name\" content=\"Dom Kopernika\" \/>\n<meta property=\"article:modified_time\" content=\"2024-10-25T18:07:20+00:00\" \/>\n<meta property=\"og:image\" content=\"https:\/\/www.krzysztofkolodziej.com\/domkopernika\/wp-content\/uploads\/2024\/10\/GaphDQLXwAATyIb-1024x683-1.jpg\" \/>\n<meta name=\"twitter:card\" content=\"summary_large_image\" \/>\n<meta name=\"twitter:label1\" content=\"Szacowany czas czytania\" \/>\n\t<meta name=\"twitter:data1\" content=\"2 minuty\" \/>\n<script type=\"application\/ld+json\" class=\"yoast-schema-graph\">{\"@context\":\"https:\\\/\\\/schema.org\",\"@graph\":[{\"@type\":\"WebPage\",\"@id\":\"https:\\\/\\\/www.krzysztofkolodziej.com\\\/domkopernika\\\/astronomia\\\/\",\"url\":\"https:\\\/\\\/www.krzysztofkolodziej.com\\\/domkopernika\\\/astronomia\\\/\",\"name\":\"Astronomia - Dom Kopernika\",\"isPartOf\":{\"@id\":\"https:\\\/\\\/www.krzysztofkolodziej.com\\\/domkopernika\\\/#website\"},\"primaryImageOfPage\":{\"@id\":\"https:\\\/\\\/www.krzysztofkolodziej.com\\\/domkopernika\\\/astronomia\\\/#primaryimage\"},\"image\":{\"@id\":\"https:\\\/\\\/www.krzysztofkolodziej.com\\\/domkopernika\\\/astronomia\\\/#primaryimage\"},\"thumbnailUrl\":\"https:\\\/\\\/www.krzysztofkolodziej.com\\\/domkopernika\\\/wp-content\\\/uploads\\\/2024\\\/10\\\/GaphDQLXwAATyIb-1024x683-1.jpg\",\"datePublished\":\"2024-10-25T11:30:12+00:00\",\"dateModified\":\"2024-10-25T18:07:20+00:00\",\"breadcrumb\":{\"@id\":\"https:\\\/\\\/www.krzysztofkolodziej.com\\\/domkopernika\\\/astronomia\\\/#breadcrumb\"},\"inLanguage\":\"pl-PL\",\"potentialAction\":[{\"@type\":\"ReadAction\",\"target\":[\"https:\\\/\\\/www.krzysztofkolodziej.com\\\/domkopernika\\\/astronomia\\\/\"]}]},{\"@type\":\"ImageObject\",\"inLanguage\":\"pl-PL\",\"@id\":\"https:\\\/\\\/www.krzysztofkolodziej.com\\\/domkopernika\\\/astronomia\\\/#primaryimage\",\"url\":\"https:\\\/\\\/www.krzysztofkolodziej.com\\\/domkopernika\\\/wp-content\\\/uploads\\\/2024\\\/10\\\/GaphDQLXwAATyIb-1024x683-1.jpg\",\"contentUrl\":\"https:\\\/\\\/www.krzysztofkolodziej.com\\\/domkopernika\\\/wp-content\\\/uploads\\\/2024\\\/10\\\/GaphDQLXwAATyIb-1024x683-1.jpg\",\"width\":1024,\"height\":683},{\"@type\":\"BreadcrumbList\",\"@id\":\"https:\\\/\\\/www.krzysztofkolodziej.com\\\/domkopernika\\\/astronomia\\\/#breadcrumb\",\"itemListElement\":[{\"@type\":\"ListItem\",\"position\":1,\"name\":\"Strona g\u0142\u00f3wna\",\"item\":\"https:\\\/\\\/www.krzysztofkolodziej.com\\\/domkopernika\\\/\"},{\"@type\":\"ListItem\",\"position\":2,\"name\":\"Astronomia\"}]},{\"@type\":\"WebSite\",\"@id\":\"https:\\\/\\\/www.krzysztofkolodziej.com\\\/domkopernika\\\/#website\",\"url\":\"https:\\\/\\\/www.krzysztofkolodziej.com\\\/domkopernika\\\/\",\"name\":\"Dom Kopernika\",\"description\":\"\",\"potentialAction\":[{\"@type\":\"SearchAction\",\"target\":{\"@type\":\"EntryPoint\",\"urlTemplate\":\"https:\\\/\\\/www.krzysztofkolodziej.com\\\/domkopernika\\\/?s={search_term_string}\"},\"query-input\":{\"@type\":\"PropertyValueSpecification\",\"valueRequired\":true,\"valueName\":\"search_term_string\"}}],\"inLanguage\":\"pl-PL\"}]}<\/script>\n<!-- \/ Yoast SEO plugin. -->","yoast_head_json":{"title":"Astronomia - Dom Kopernika","robots":{"index":"noindex","follow":"follow"},"og_locale":"pl_PL","og_type":"article","og_title":"Astronomia - Dom Kopernika","og_description":"Strona g\u0142\u00f3wna ASTRONOMIA Najnowsze wiadomo\u015bci z obszaru astronomii: Astronomia Powsta\u0142o Polskie Partnerstwo dla Obserwacji Ziemi Posted on25 pa\u017adziernika, 202425 pa\u017adziernika, 2024 Dziesi\u0119\u0107 firm i instytucji przyst\u0105pi\u0142o do Polskiego Partnerstwa dla&hellip;","og_url":"https:\/\/www.krzysztofkolodziej.com\/domkopernika\/astronomia\/","og_site_name":"Dom Kopernika","article_modified_time":"2024-10-25T18:07:20+00:00","og_image":[{"url":"https:\/\/www.krzysztofkolodziej.com\/domkopernika\/wp-content\/uploads\/2024\/10\/GaphDQLXwAATyIb-1024x683-1.jpg","type":"","width":"","height":""}],"twitter_card":"summary_large_image","twitter_misc":{"Szacowany czas czytania":"2 minuty"},"schema":{"@context":"https:\/\/schema.org","@graph":[{"@type":"WebPage","@id":"https:\/\/www.krzysztofkolodziej.com\/domkopernika\/astronomia\/","url":"https:\/\/www.krzysztofkolodziej.com\/domkopernika\/astronomia\/","name":"Astronomia - Dom Kopernika","isPartOf":{"@id":"https:\/\/www.krzysztofkolodziej.com\/domkopernika\/#website"},"primaryImageOfPage":{"@id":"https:\/\/www.krzysztofkolodziej.com\/domkopernika\/astronomia\/#primaryimage"},"image":{"@id":"https:\/\/www.krzysztofkolodziej.com\/domkopernika\/astronomia\/#primaryimage"},"thumbnailUrl":"https:\/\/www.krzysztofkolodziej.com\/domkopernika\/wp-content\/uploads\/2024\/10\/GaphDQLXwAATyIb-1024x683-1.jpg","datePublished":"2024-10-25T11:30:12+00:00","dateModified":"2024-10-25T18:07:20+00:00","breadcrumb":{"@id":"https:\/\/www.krzysztofkolodziej.com\/domkopernika\/astronomia\/#breadcrumb"},"inLanguage":"pl-PL","potentialAction":[{"@type":"ReadAction","target":["https:\/\/www.krzysztofkolodziej.com\/domkopernika\/astronomia\/"]}]},{"@type":"ImageObject","inLanguage":"pl-PL","@id":"https:\/\/www.krzysztofkolodziej.com\/domkopernika\/astronomia\/#primaryimage","url":"https:\/\/www.krzysztofkolodziej.com\/domkopernika\/wp-content\/uploads\/2024\/10\/GaphDQLXwAATyIb-1024x683-1.jpg","contentUrl":"https:\/\/www.krzysztofkolodziej.com\/domkopernika\/wp-content\/uploads\/2024\/10\/GaphDQLXwAATyIb-1024x683-1.jpg","width":1024,"height":683},{"@type":"BreadcrumbList","@id":"https:\/\/www.krzysztofkolodziej.com\/domkopernika\/astronomia\/#breadcrumb","itemListElement":[{"@type":"ListItem","position":1,"name":"Strona g\u0142\u00f3wna","item":"https:\/\/www.krzysztofkolodziej.com\/domkopernika\/"},{"@type":"ListItem","position":2,"name":"Astronomia"}]},{"@type":"WebSite","@id":"https:\/\/www.krzysztofkolodziej.com\/domkopernika\/#website","url":"https:\/\/www.krzysztofkolodziej.com\/domkopernika\/","name":"Dom Kopernika","description":"","potentialAction":[{"@type":"SearchAction","target":{"@type":"EntryPoint","urlTemplate":"https:\/\/www.krzysztofkolodziej.com\/domkopernika\/?s={search_term_string}"},"query-input":{"@type":"PropertyValueSpecification","valueRequired":true,"valueName":"search_term_string"}}],"inLanguage":"pl-PL"}]}},"_links":{"self":[{"href":"https:\/\/www.krzysztofkolodziej.com\/domkopernika\/wp-json\/wp\/v2\/pages\/36140","targetHints":{"allow":["GET"]}}],"collection":[{"href":"https:\/\/www.krzysztofkolodziej.com\/domkopernika\/wp-json\/wp\/v2\/pages"}],"about":[{"href":"https:\/\/www.krzysztofkolodziej.com\/domkopernika\/wp-json\/wp\/v2\/types\/page"}],"author":[{"embeddable":true,"href":"https:\/\/www.krzysztofkolodziej.com\/domkopernika\/wp-json\/wp\/v2\/users\/4"}],"replies":[{"embeddable":true,"href":"https:\/\/www.krzysztofkolodziej.com\/domkopernika\/wp-json\/wp\/v2\/comments?post=36140"}],"version-history":[{"count":46,"href":"https:\/\/www.krzysztofkolodziej.com\/domkopernika\/wp-json\/wp\/v2\/pages\/36140\/revisions"}],"predecessor-version":[{"id":36473,"href":"https:\/\/www.krzysztofkolodziej.com\/domkopernika\/wp-json\/wp\/v2\/pages\/36140\/revisions\/36473"}],"wp:attachment":[{"href":"https:\/\/www.krzysztofkolodziej.com\/domkopernika\/wp-json\/wp\/v2\/media?parent=36140"}],"curies":[{"name":"wp","href":"https:\/\/api.w.org\/{rel}","templated":true}]}}