{"id":36000,"date":"2024-10-25T10:12:12","date_gmt":"2024-10-25T08:12:12","guid":{"rendered":"https:\/\/www.krzysztofkolodziej.com\/domkopernika\/?page_id=36000"},"modified":"2024-11-07T09:32:27","modified_gmt":"2024-11-07T08:32:27","slug":"wiadomosci","status":"publish","type":"page","link":"https:\/\/www.krzysztofkolodziej.com\/domkopernika\/wiadomosci\/","title":{"rendered":"Wiadomo\u015bci"},"content":{"rendered":"\t\t<div data-elementor-type=\"wp-page\" data-elementor-id=\"36000\" class=\"elementor elementor-36000\" data-elementor-post-type=\"page\">\n\t\t\t\t\t\t<section class=\"elementor-section elementor-top-section elementor-element elementor-element-166264d elementor-section-boxed elementor-section-height-default elementor-section-height-default\" data-id=\"166264d\" data-element_type=\"section\">\n\t\t\t\t\t\t<div class=\"elementor-container elementor-column-gap-default\">\n\t\t\t\t\t<div class=\"elementor-column elementor-col-100 elementor-top-column elementor-element elementor-element-99b1204\" data-id=\"99b1204\" data-element_type=\"column\">\n\t\t\t<div class=\"elementor-widget-wrap elementor-element-populated\">\n\t\t\t\t\t\t<div class=\"elementor-element elementor-element-8e46657 elementor-align-right elementor-widget elementor-widget-button\" data-id=\"8e46657\" data-element_type=\"widget\" data-widget_type=\"button.default\">\n\t\t\t\t<div class=\"elementor-widget-container\">\n\t\t\t\t\t\t\t\t\t<div class=\"elementor-button-wrapper\">\n\t\t\t\t\t<a class=\"elementor-button elementor-button-link elementor-size-sm\" href=\"https:\/\/www.krzysztofkolodziej.com\/domkopernika\">\n\t\t\t\t\t\t<span class=\"elementor-button-content-wrapper\">\n\t\t\t\t\t\t<span class=\"elementor-button-icon\">\n\t\t\t\t<svg xmlns=\"http:\/\/www.w3.org\/2000\/svg\" xmlns:xlink=\"http:\/\/www.w3.org\/1999\/xlink\" xmlns:serif=\"http:\/\/www.serif.com\/\" width=\"100%\" height=\"100%\" viewBox=\"0 0 24 24\" xml:space=\"preserve\" style=\"fill-rule:evenodd;clip-rule:evenodd;stroke-linejoin:round;stroke-miterlimit:2;\">    <g transform=\"matrix(-1.09154,-1.09154,1.09154,-1.09154,12.8767,38.0632)\">        <path d=\"M11,4L11,16.175L5.4,10.575L4,12L12,20L20,12L18.6,10.575L13,16.175L13,4L11,4Z\" style=\"fill-rule:nonzero;\"><\/path>    <\/g><\/svg>\t\t\t<\/span>\n\t\t\t\t\t\t\t\t\t<span class=\"elementor-button-text\">Strona g\u0142\u00f3wna<\/span>\n\t\t\t\t\t<\/span>\n\t\t\t\t\t<\/a>\n\t\t\t\t<\/div>\n\t\t\t\t\t\t\t\t<\/div>\n\t\t\t\t<\/div>\n\t\t\t\t<div class=\"elementor-element elementor-element-ae6b66a elementor-widget elementor-widget-heading\" data-id=\"ae6b66a\" data-element_type=\"widget\" data-widget_type=\"heading.default\">\n\t\t\t\t<div class=\"elementor-widget-container\">\n\t\t\t\t\t<h2 class=\"elementor-heading-title elementor-size-default\">Najnowsze wiadomo\u015bci:<\/h2>\t\t\t\t<\/div>\n\t\t\t\t<\/div>\n\t\t\t\t<div class=\"elementor-element elementor-element-c525a31 anwp-pg-widget-header-style--b anwp-pg-post-teaser__post-icon--size-16 elementor-widget elementor-widget-anwp-pg-classic-blog\" data-id=\"c525a31\" data-element_type=\"widget\" data-widget_type=\"anwp-pg-classic-blog.default\">\n\t\t\t\t<div class=\"elementor-widget-container\">\n\t\t\t\t\t<div class=\"anwp-pg-wrap\">\n\n\t\n\t<div class=\"anwp-pg-classic-blog anwp-pg-posts-wrapper\">\n\t\t<div class=\"anwp-pg-post-teaser anwp-pg-post-teaser--layout-classic anwp-row anwp-no-gutters\">\n\n\t\t\t<div class=\"anwp-pg-post-teaser__thumbnail position-relative mb-2 mb-md-0 anwp-col-md-4\">\n\t\t\t\t\t\t\t<div class=\"anwp-pg-post-teaser__top-meta d-flex flex-column anwp-pg-post-teaser__category-column mr-auto\">\n\t\t\t\t\t<div class=\"anwp-pg-category__wrapper-filled px-2 d-flex align-items-center anwp-pg-post-teaser__category-wrapper align-self-start anwp-pg-category-parent-0\" style=\"background-color: #1565C0\"><span>Medycyna<\/span><\/div>\t\t\t\t<\/div>\n\t\t\t\t\n\t\t\t<img decoding=\"async\" loading=\"lazy\" src=\"https:\/\/www.krzysztofkolodziej.com\/domkopernika\/wp-content\/uploads\/2024\/12\/Aktywny-senior-1024x576.png\"\/>\n\n\t\t\t<div class=\"anwp-pg-post-teaser__thumbnail-classic-bg anwp-position-cover\"><\/div>\n\n\t\t\t<a class=\"anwp-position-cover anwp-link-without-effects\" href=\"https:\/\/www.krzysztofkolodziej.com\/domkopernika\/medycyna\/ruch-dla-mozgu-jak-aktywnosc-fizyczna-wspiera-nasza-pamiec-i-koncentracje\/\" aria-hidden=\"true\" ><\/a>\n\t\t<\/div>\n\t\n\t<div class=\"anwp-pg-post-teaser__content anwp-col-md-8\">\n\n\t\t<div class=\"anwp-pg-post-teaser__title anwp-font-heading my-2\">\n\t\t\t<a class=\"anwp-link-without-effects\" href=\"https:\/\/www.krzysztofkolodziej.com\/domkopernika\/medycyna\/ruch-dla-mozgu-jak-aktywnosc-fizyczna-wspiera-nasza-pamiec-i-koncentracje\/\" aria-hidden=\"true\" >\n\t\t\t\tRuch dla m\u00f3zgu: jak aktywno\u015b\u0107 fizyczna wspiera nasz\u0105 pami\u0119\u0107 i koncentracj\u0119?\t\t\t<\/a>\n\t\t<\/div>\n\n\t\t<div class=\"anwp-pg-post-teaser__bottom-meta d-flex flex-wrap\">\n\n\t\t\t\n\t\t\t\t\t\t\t<div class=\"anwp-pg-post-teaser__bottom-meta-item d-flex align-items-center mr-4\">\n\t\t\t\t\t<svg class=\"anwp-pg-icon anwp-pg-icon--s16 mr-2\">\n\t\t\t\t\t\t<use xlink:href=\"#icon-anwp-pg-calendar\"><\/use>\n\t\t\t\t\t<\/svg>\n\t\t\t\t\t<span class=\"screen-reader-text\">Posted on<\/span><time class=\"anwp-pg-published\" datetime=\"2024-12-16T13:49:25+01:00\">16 grudnia, 2024<\/time><time class=\"anwp-pg-updated\" datetime=\"2024-12-16T13:51:20+01:00\">16 grudnia, 2024<\/time>\t\t\t\t<\/div>\n\t\t\t\t\t\t<\/div>\n\n\t\t<div class=\"anwp-pg-post-teaser__excerpt mt-2\">\n\t\t\tCzy kr\u00f3tka aktywno\u015b\u0107 fizyczna mo\u017ce mie\u0107 wp\u0142yw na nasz\u0105 zdolno\u015b\u0107 do zapami\u0119tywania i przetwarzania informacji? Badania naukowe wskazuj\u0105, \u017ce \u0107wiczenia fizyczne przynosz\u0105 nie tylko korzy\u015bci dla cia\u0142a, lecz tak\u017ce dla&hellip;\t\t<\/div>\n\n\t\t\t<\/div>\n<\/div>\n<div class=\"anwp-pg-post-teaser anwp-pg-post-teaser--layout-classic anwp-row anwp-no-gutters\">\n\n\t\t\t<div class=\"anwp-pg-post-teaser__thumbnail position-relative mb-2 mb-md-0 anwp-col-md-4\">\n\t\t\t\t\t\t\t<div class=\"anwp-pg-post-teaser__top-meta d-flex flex-column anwp-pg-post-teaser__category-column mr-auto\">\n\t\t\t\t\t<div class=\"anwp-pg-category__wrapper-filled px-2 d-flex align-items-center anwp-pg-post-teaser__category-wrapper align-self-start anwp-pg-category-parent-0\" style=\"background-color: #1565C0\"><span>Medycyna<\/span><\/div>\t\t\t\t<\/div>\n\t\t\t\t\n\t\t\t<img decoding=\"async\" loading=\"lazy\" src=\"https:\/\/www.krzysztofkolodziej.com\/domkopernika\/wp-content\/uploads\/2024\/12\/000KACIW099L640R-C116-F4-300x219-1.jpeg\"\/>\n\n\t\t\t<div class=\"anwp-pg-post-teaser__thumbnail-classic-bg anwp-position-cover\"><\/div>\n\n\t\t\t<a class=\"anwp-position-cover anwp-link-without-effects\" href=\"https:\/\/www.krzysztofkolodziej.com\/domkopernika\/medycyna\/geny-neandertalczykow-w-naszym-dna-co-mowia-nowe-badania\/\" aria-hidden=\"true\" ><\/a>\n\t\t<\/div>\n\t\n\t<div class=\"anwp-pg-post-teaser__content anwp-col-md-8\">\n\n\t\t<div class=\"anwp-pg-post-teaser__title anwp-font-heading my-2\">\n\t\t\t<a class=\"anwp-link-without-effects\" href=\"https:\/\/www.krzysztofkolodziej.com\/domkopernika\/medycyna\/geny-neandertalczykow-w-naszym-dna-co-mowia-nowe-badania\/\" aria-hidden=\"true\" >\n\t\t\t\tGeny neandertalczyk\u00f3w w naszym DNA: co m\u00f3wi\u0105 nowe badania?\t\t\t<\/a>\n\t\t<\/div>\n\n\t\t<div class=\"anwp-pg-post-teaser__bottom-meta d-flex flex-wrap\">\n\n\t\t\t\n\t\t\t\t\t\t\t<div class=\"anwp-pg-post-teaser__bottom-meta-item d-flex align-items-center mr-4\">\n\t\t\t\t\t<svg class=\"anwp-pg-icon anwp-pg-icon--s16 mr-2\">\n\t\t\t\t\t\t<use xlink:href=\"#icon-anwp-pg-calendar\"><\/use>\n\t\t\t\t\t<\/svg>\n\t\t\t\t\t<span class=\"screen-reader-text\">Posted on<\/span><time class=\"anwp-pg-published\" datetime=\"2024-12-16T12:49:46+01:00\">16 grudnia, 2024<\/time><time class=\"anwp-pg-updated\" datetime=\"2024-12-16T13:50:20+01:00\">16 grudnia, 2024<\/time>\t\t\t\t<\/div>\n\t\t\t\t\t\t<\/div>\n\n\t\t<div class=\"anwp-pg-post-teaser__excerpt mt-2\">\n\t\t\tNajnowsze odkrycia mi\u0119dzynarodowego zespo\u0142u naukowc\u00f3w precyzuj\u0105, kiedy cz\u0142owiek wsp\u00f3\u0142czesny (Homo sapiens) krzy\u017cowa\u0142 si\u0119 z neandertalczykami, a tak\u017ce jakie znaczenie mia\u0142y te interakcje dla ewolucji naszego gatunku. Badania opublikowane w czasopi\u015bmie&hellip;\t\t<\/div>\n\n\t\t\t<\/div>\n<\/div>\n<div class=\"anwp-pg-post-teaser anwp-pg-post-teaser--layout-classic anwp-row anwp-no-gutters\">\n\n\t\t\t<div class=\"anwp-pg-post-teaser__thumbnail position-relative mb-2 mb-md-0 anwp-col-md-4\">\n\t\t\t\t\t\t\t<div class=\"anwp-pg-post-teaser__top-meta d-flex flex-column anwp-pg-post-teaser__category-column mr-auto\">\n\t\t\t\t\t<div class=\"anwp-pg-category__wrapper-filled px-2 d-flex align-items-center anwp-pg-post-teaser__category-wrapper align-self-start anwp-pg-category-parent-0\" style=\"background-color: #1565C0\"><span>Medycyna<\/span><\/div>\t\t\t\t<\/div>\n\t\t\t\t\n\t\t\t<img decoding=\"async\" loading=\"lazy\" src=\"https:\/\/www.krzysztofkolodziej.com\/domkopernika\/wp-content\/uploads\/2024\/12\/20241209_MED-EL-MI2000_1013-950x633-1-qyl6dbi15o7f1ymlv3yd92sm87be4k7n2fkmow7rg0.jpg\"\/>\n\n\t\t\t<div class=\"anwp-pg-post-teaser__thumbnail-classic-bg anwp-position-cover\"><\/div>\n\n\t\t\t<a class=\"anwp-position-cover anwp-link-without-effects\" href=\"https:\/\/www.krzysztofkolodziej.com\/domkopernika\/medycyna\/przelomowe-operacje-w-swiatowym-centrum-sluchu\/\" aria-hidden=\"true\" ><\/a>\n\t\t<\/div>\n\t\n\t<div class=\"anwp-pg-post-teaser__content anwp-col-md-8\">\n\n\t\t<div class=\"anwp-pg-post-teaser__title anwp-font-heading my-2\">\n\t\t\t<a class=\"anwp-link-without-effects\" href=\"https:\/\/www.krzysztofkolodziej.com\/domkopernika\/medycyna\/przelomowe-operacje-w-swiatowym-centrum-sluchu\/\" aria-hidden=\"true\" >\n\t\t\t\tPrze\u0142omowe operacje w\u00a0\u015awiatowym Centrum S\u0142uchu\t\t\t<\/a>\n\t\t<\/div>\n\n\t\t<div class=\"anwp-pg-post-teaser__bottom-meta d-flex flex-wrap\">\n\n\t\t\t\n\t\t\t\t\t\t\t<div class=\"anwp-pg-post-teaser__bottom-meta-item d-flex align-items-center mr-4\">\n\t\t\t\t\t<svg class=\"anwp-pg-icon anwp-pg-icon--s16 mr-2\">\n\t\t\t\t\t\t<use xlink:href=\"#icon-anwp-pg-calendar\"><\/use>\n\t\t\t\t\t<\/svg>\n\t\t\t\t\t<span class=\"screen-reader-text\">Posted on<\/span><time class=\"anwp-pg-published\" datetime=\"2024-12-16T12:27:27+01:00\">16 grudnia, 2024<\/time><time class=\"anwp-pg-updated\" datetime=\"2024-12-16T12:27:27+01:00\">16 grudnia, 2024<\/time>\t\t\t\t<\/div>\n\t\t\t\t\t\t<\/div>\n\n\t\t<div class=\"anwp-pg-post-teaser__excerpt mt-2\">\n\t\t\tNowatorskie w\u00a0skali \u015bwiatowej i\u00a0kraju rozwi\u0105zania technologiczne s\u0105\u00a0ju\u017c dost\u0119pne dla polskich pacjent\u00f3w: W \u015awiatowym Centrum S\u0142uchu w\u00a0Kajetanach odby\u0142y si\u0119 trzy nowatorskie operacje wszczepienia implant\u00f3w s\u0142uchowych. Po\u00a0raz pierwszy w\u00a0\u015bwiecie ca\u0142kowicie wszczepiono implant&hellip;\t\t<\/div>\n\n\t\t\t<\/div>\n<\/div>\n<div class=\"anwp-pg-post-teaser anwp-pg-post-teaser--layout-classic anwp-row anwp-no-gutters\">\n\n\t\t\t<div class=\"anwp-pg-post-teaser__thumbnail position-relative mb-2 mb-md-0 anwp-col-md-4\">\n\t\t\t\t\t\t\t<div class=\"anwp-pg-post-teaser__top-meta d-flex flex-column anwp-pg-post-teaser__category-column mr-auto\">\n\t\t\t\t\t<div class=\"anwp-pg-category__wrapper-filled px-2 d-flex align-items-center anwp-pg-post-teaser__category-wrapper align-self-start anwp-pg-category-parent-0\" style=\"background-color: #1565C0\"><span>Medycyna<\/span><\/div>\t\t\t\t<\/div>\n\t\t\t\t\n\t\t\t<img decoding=\"async\" loading=\"lazy\" src=\"https:\/\/www.krzysztofkolodziej.com\/domkopernika\/wp-content\/uploads\/2024\/12\/httpswww.rosalindfranklinsociety.org-3-qykz6vri3ifaxm0syed2pak6gd4bsg8g7acmk3ei7k.png\"\/>\n\n\t\t\t<div class=\"anwp-pg-post-teaser__thumbnail-classic-bg anwp-position-cover\"><\/div>\n\n\t\t\t<a class=\"anwp-position-cover anwp-link-without-effects\" href=\"https:\/\/www.krzysztofkolodziej.com\/domkopernika\/medycyna\/polscy-naukowcy-pracuja-nad-nowym-lekiem-na-stwardnienie-rozsiane\/\" aria-hidden=\"true\" ><\/a>\n\t\t<\/div>\n\t\n\t<div class=\"anwp-pg-post-teaser__content anwp-col-md-8\">\n\n\t\t<div class=\"anwp-pg-post-teaser__title anwp-font-heading my-2\">\n\t\t\t<a class=\"anwp-link-without-effects\" href=\"https:\/\/www.krzysztofkolodziej.com\/domkopernika\/medycyna\/polscy-naukowcy-pracuja-nad-nowym-lekiem-na-stwardnienie-rozsiane\/\" aria-hidden=\"true\" >\n\t\t\t\tPolscy naukowcy pracuj\u0105 nad nowym lekiem na stwardnienie rozsiane\t\t\t<\/a>\n\t\t<\/div>\n\n\t\t<div class=\"anwp-pg-post-teaser__bottom-meta d-flex flex-wrap\">\n\n\t\t\t\n\t\t\t\t\t\t\t<div class=\"anwp-pg-post-teaser__bottom-meta-item d-flex align-items-center mr-4\">\n\t\t\t\t\t<svg class=\"anwp-pg-icon anwp-pg-icon--s16 mr-2\">\n\t\t\t\t\t\t<use xlink:href=\"#icon-anwp-pg-calendar\"><\/use>\n\t\t\t\t\t<\/svg>\n\t\t\t\t\t<span class=\"screen-reader-text\">Posted on<\/span><time class=\"anwp-pg-published\" datetime=\"2024-12-16T12:26:52+01:00\">16 grudnia, 2024<\/time><time class=\"anwp-pg-updated\" datetime=\"2024-12-16T12:28:19+01:00\">16 grudnia, 2024<\/time>\t\t\t\t<\/div>\n\t\t\t\t\t\t<\/div>\n\n\t\t<div class=\"anwp-pg-post-teaser__excerpt mt-2\">\n\t\t\t\u0141ukasiewicz \u2013 Instytut Chemii Przemys\u0142owej podpisa\u0142 z Narodowym Centrum Bada\u0144 i Rozwoju (NCBR) umow\u0119 rozpoczynaj\u0105c\u0105 projekt \u201eOpracowanie innowacyjnej technologii wytwarzania produktu leczniczego stosowanego w leczeniu stwardnienia rozsianego\u201d. Przedsi\u0119wzi\u0119cie o warto\u015bci&hellip;\t\t<\/div>\n\n\t\t\t<\/div>\n<\/div>\n<div class=\"anwp-pg-post-teaser anwp-pg-post-teaser--layout-classic anwp-row anwp-no-gutters\">\n\n\t\t\t<div class=\"anwp-pg-post-teaser__thumbnail position-relative mb-2 mb-md-0 anwp-col-md-4\">\n\t\t\t\t\t\t\t<div class=\"anwp-pg-post-teaser__top-meta d-flex flex-column anwp-pg-post-teaser__category-column mr-auto\">\n\t\t\t\t\t<div class=\"anwp-pg-category__wrapper-filled px-2 d-flex align-items-center anwp-pg-post-teaser__category-wrapper align-self-start anwp-pg-category-parent-0\" style=\"background-color: #1565C0\"><span>Astronomia<\/span><\/div>\t\t\t\t<\/div>\n\t\t\t\t\n\t\t\t<img decoding=\"async\" loading=\"lazy\" src=\"https:\/\/www.krzysztofkolodziej.com\/domkopernika\/wp-content\/uploads\/2024\/12\/0DVRXPBwBfwctBkRoandrew_inside_3.png\"\/>\n\n\t\t\t<div class=\"anwp-pg-post-teaser__thumbnail-classic-bg anwp-position-cover\"><\/div>\n\n\t\t\t<a class=\"anwp-position-cover anwp-link-without-effects\" href=\"https:\/\/www.krzysztofkolodziej.com\/domkopernika\/astronomia\/naukowcy-z-politechniki-wroclawskiej-pomoga-zbadac-pogode-kosmiczna\/\" aria-hidden=\"true\" ><\/a>\n\t\t<\/div>\n\t\n\t<div class=\"anwp-pg-post-teaser__content anwp-col-md-8\">\n\n\t\t<div class=\"anwp-pg-post-teaser__title anwp-font-heading my-2\">\n\t\t\t<a class=\"anwp-link-without-effects\" href=\"https:\/\/www.krzysztofkolodziej.com\/domkopernika\/astronomia\/naukowcy-z-politechniki-wroclawskiej-pomoga-zbadac-pogode-kosmiczna\/\" aria-hidden=\"true\" >\n\t\t\t\tNaukowcy z Politechniki Wroc\u0142awskiej pomog\u0105 zbada\u0107 pogod\u0119 kosmiczn\u0105\t\t\t<\/a>\n\t\t<\/div>\n\n\t\t<div class=\"anwp-pg-post-teaser__bottom-meta d-flex flex-wrap\">\n\n\t\t\t\n\t\t\t\t\t\t\t<div class=\"anwp-pg-post-teaser__bottom-meta-item d-flex align-items-center mr-4\">\n\t\t\t\t\t<svg class=\"anwp-pg-icon anwp-pg-icon--s16 mr-2\">\n\t\t\t\t\t\t<use xlink:href=\"#icon-anwp-pg-calendar\"><\/use>\n\t\t\t\t\t<\/svg>\n\t\t\t\t\t<span class=\"screen-reader-text\">Posted on<\/span><time class=\"anwp-pg-published\" datetime=\"2024-12-16T12:25:52+01:00\">16 grudnia, 2024<\/time><time class=\"anwp-pg-updated\" datetime=\"2024-12-16T12:25:52+01:00\">16 grudnia, 2024<\/time>\t\t\t\t<\/div>\n\t\t\t\t\t\t<\/div>\n\n\t\t<div class=\"anwp-pg-post-teaser__excerpt mt-2\">\n\t\t\tNa Politechnice Wroc\u0142awskiej rozpocz\u0119\u0142y si\u0119 prace nad urz\u0105dzeniem, kt\u00f3re b\u0119dzie wykorzystywane do analizy \u201epogody kosmicznej\u201d. Instrument naukowy o nazwie ANDREW zmierzy st\u0119\u017cenie cz\u0105steczek neutralnych i st\u0119\u017cenie tlenu atomowego w rozrzedzonej&hellip;\t\t<\/div>\n\n\t\t\t<\/div>\n<\/div>\n<div class=\"anwp-pg-post-teaser anwp-pg-post-teaser--layout-classic anwp-row anwp-no-gutters\">\n\n\t\t\t<div class=\"anwp-pg-post-teaser__thumbnail position-relative mb-2 mb-md-0 anwp-col-md-4\">\n\t\t\t\t\t\t\t<div class=\"anwp-pg-post-teaser__top-meta d-flex flex-column anwp-pg-post-teaser__category-column mr-auto\">\n\t\t\t\t\t<div class=\"anwp-pg-category__wrapper-filled px-2 d-flex align-items-center anwp-pg-post-teaser__category-wrapper align-self-start anwp-pg-category-parent-0\" style=\"background-color: #1565C0\"><span>Filozofia i teologia<\/span><\/div>\t\t\t\t<\/div>\n\t\t\t\t\n\t\t\t<img decoding=\"async\" loading=\"lazy\" src=\"https:\/\/www.krzysztofkolodziej.com\/domkopernika\/wp-content\/uploads\/2024\/12\/Podsumowanie-publikacji-1024x576.png\"\/>\n\n\t\t\t<div class=\"anwp-pg-post-teaser__thumbnail-classic-bg anwp-position-cover\"><\/div>\n\n\t\t\t<a class=\"anwp-position-cover anwp-link-without-effects\" href=\"https:\/\/www.krzysztofkolodziej.com\/domkopernika\/filozofia-i-teologia\/klucz-do-szczescia-w-pracy-odkrycia-naukowcow-z-harvardu\/\" aria-hidden=\"true\" ><\/a>\n\t\t<\/div>\n\t\n\t<div class=\"anwp-pg-post-teaser__content anwp-col-md-8\">\n\n\t\t<div class=\"anwp-pg-post-teaser__title anwp-font-heading my-2\">\n\t\t\t<a class=\"anwp-link-without-effects\" href=\"https:\/\/www.krzysztofkolodziej.com\/domkopernika\/filozofia-i-teologia\/klucz-do-szczescia-w-pracy-odkrycia-naukowcow-z-harvardu\/\" aria-hidden=\"true\" >\n\t\t\t\tKlucz do Szcz\u0119\u015bcia w Pracy \u2013 Odkrycia Naukowc\u00f3w z Harvardu\t\t\t<\/a>\n\t\t<\/div>\n\n\t\t<div class=\"anwp-pg-post-teaser__bottom-meta d-flex flex-wrap\">\n\n\t\t\t\n\t\t\t\t\t\t\t<div class=\"anwp-pg-post-teaser__bottom-meta-item d-flex align-items-center mr-4\">\n\t\t\t\t\t<svg class=\"anwp-pg-icon anwp-pg-icon--s16 mr-2\">\n\t\t\t\t\t\t<use xlink:href=\"#icon-anwp-pg-calendar\"><\/use>\n\t\t\t\t\t<\/svg>\n\t\t\t\t\t<span class=\"screen-reader-text\">Posted on<\/span><time class=\"anwp-pg-published\" datetime=\"2024-12-13T10:17:27+01:00\">13 grudnia, 2024<\/time><time class=\"anwp-pg-updated\" datetime=\"2024-12-13T10:17:27+01:00\">13 grudnia, 2024<\/time>\t\t\t\t<\/div>\n\t\t\t\t\t\t<\/div>\n\n\t\t<div class=\"anwp-pg-post-teaser__excerpt mt-2\">\n\t\t\tNajnowsze badania naukowc\u00f3w z Uniwersytetu Harvarda przynosz\u0105 istotne wnioski na temat satysfakcji z pracy. Kluczowym elementem szcz\u0119\u015bcia zawodowego okazuje si\u0119 skupienie na post\u0119pie zamiast perfekcji. Takie podej\u015bcie pozwala pracownikom lepiej&hellip;\t\t<\/div>\n\n\t\t\t<\/div>\n<\/div>\n<div class=\"anwp-pg-post-teaser anwp-pg-post-teaser--layout-classic anwp-row anwp-no-gutters\">\n\n\t\t\t<div class=\"anwp-pg-post-teaser__thumbnail position-relative mb-2 mb-md-0 anwp-col-md-4\">\n\t\t\t\t\t\t\t<div class=\"anwp-pg-post-teaser__top-meta d-flex flex-column anwp-pg-post-teaser__category-column mr-auto\">\n\t\t\t\t\t<div class=\"anwp-pg-category__wrapper-filled px-2 d-flex align-items-center anwp-pg-post-teaser__category-wrapper align-self-start anwp-pg-category-parent-0\" style=\"background-color: #1565C0\"><span>Ekonomia<\/span><\/div>\t\t\t\t<\/div>\n\t\t\t\t\n\t\t\t<img decoding=\"async\" loading=\"lazy\" src=\"https:\/\/www.krzysztofkolodziej.com\/domkopernika\/wp-content\/uploads\/2024\/12\/ncbj-1024x684-1.jpg\"\/>\n\n\t\t\t<div class=\"anwp-pg-post-teaser__thumbnail-classic-bg anwp-position-cover\"><\/div>\n\n\t\t\t<a class=\"anwp-position-cover anwp-link-without-effects\" href=\"https:\/\/www.krzysztofkolodziej.com\/domkopernika\/ekonomia\/htgr-pola-reaktor-ktory-moze-odmienic-polska-energetyke\/\" aria-hidden=\"true\" ><\/a>\n\t\t<\/div>\n\t\n\t<div class=\"anwp-pg-post-teaser__content anwp-col-md-8\">\n\n\t\t<div class=\"anwp-pg-post-teaser__title anwp-font-heading my-2\">\n\t\t\t<a class=\"anwp-link-without-effects\" href=\"https:\/\/www.krzysztofkolodziej.com\/domkopernika\/ekonomia\/htgr-pola-reaktor-ktory-moze-odmienic-polska-energetyke\/\" aria-hidden=\"true\" >\n\t\t\t\tHTGR-POLA: Reaktor, kt\u00f3ry mo\u017ce odmieni\u0107 polsk\u0105 energetyk\u0119\t\t\t<\/a>\n\t\t<\/div>\n\n\t\t<div class=\"anwp-pg-post-teaser__bottom-meta d-flex flex-wrap\">\n\n\t\t\t\n\t\t\t\t\t\t\t<div class=\"anwp-pg-post-teaser__bottom-meta-item d-flex align-items-center mr-4\">\n\t\t\t\t\t<svg class=\"anwp-pg-icon anwp-pg-icon--s16 mr-2\">\n\t\t\t\t\t\t<use xlink:href=\"#icon-anwp-pg-calendar\"><\/use>\n\t\t\t\t\t<\/svg>\n\t\t\t\t\t<span class=\"screen-reader-text\">Posted on<\/span><time class=\"anwp-pg-published\" datetime=\"2024-12-11T09:26:01+01:00\">11 grudnia, 2024<\/time><time class=\"anwp-pg-updated\" datetime=\"2024-12-13T10:16:37+01:00\">13 grudnia, 2024<\/time>\t\t\t\t<\/div>\n\t\t\t\t\t\t<\/div>\n\n\t\t<div class=\"anwp-pg-post-teaser__excerpt mt-2\">\n\t\t\tNarodowe Centrum Bada\u0144 J\u0105drowych (NCBJ) rozwija prze\u0142omowy projekt badawczego reaktora wysokotemperaturowego HTGR-POLA. Prace te maj\u0105 szans\u0119 zrewolucjonizowa\u0107 przemys\u0142 energetyczny w Polsce i sta\u0107 si\u0119 modelem dla rozwoju technologii j\u0105drowych w&hellip;\t\t<\/div>\n\n\t\t\t<\/div>\n<\/div>\n<div class=\"anwp-pg-post-teaser anwp-pg-post-teaser--layout-classic anwp-row anwp-no-gutters\">\n\n\t\t\t<div class=\"anwp-pg-post-teaser__thumbnail position-relative mb-2 mb-md-0 anwp-col-md-4\">\n\t\t\t\t\t\t\t<div class=\"anwp-pg-post-teaser__top-meta d-flex flex-column anwp-pg-post-teaser__category-column mr-auto\">\n\t\t\t\t\t<div class=\"anwp-pg-category__wrapper-filled px-2 d-flex align-items-center anwp-pg-post-teaser__category-wrapper align-self-start anwp-pg-category-parent-0\" style=\"background-color: #1565C0\"><span>Newsy popularnonaukowe<\/span><\/div>\t\t\t\t<\/div>\n\t\t\t\t\n\t\t\t<img decoding=\"async\" loading=\"lazy\" src=\"https:\/\/www.krzysztofkolodziej.com\/domkopernika\/wp-content\/uploads\/2024\/12\/metals-11-00332-ag-550-qyelyp8hndt70grxwcj9cpaiub2kuhnaas5nl6zsts.jpg\"\/>\n\n\t\t\t<div class=\"anwp-pg-post-teaser__thumbnail-classic-bg anwp-position-cover\"><\/div>\n\n\t\t\t<a class=\"anwp-position-cover anwp-link-without-effects\" href=\"https:\/\/www.krzysztofkolodziej.com\/domkopernika\/technologia\/nowa-technologia-wytopu-zelaza-z-chin-rewolucja-w-przemysle-stalowym\/\" aria-hidden=\"true\" ><\/a>\n\t\t<\/div>\n\t\n\t<div class=\"anwp-pg-post-teaser__content anwp-col-md-8\">\n\n\t\t<div class=\"anwp-pg-post-teaser__title anwp-font-heading my-2\">\n\t\t\t<a class=\"anwp-link-without-effects\" href=\"https:\/\/www.krzysztofkolodziej.com\/domkopernika\/technologia\/nowa-technologia-wytopu-zelaza-z-chin-rewolucja-w-przemysle-stalowym\/\" aria-hidden=\"true\" >\n\t\t\t\tNowa technologia wytopu \u017celaza z Chin \u2013 rewolucja w przemy\u015ble stalowym\t\t\t<\/a>\n\t\t<\/div>\n\n\t\t<div class=\"anwp-pg-post-teaser__bottom-meta d-flex flex-wrap\">\n\n\t\t\t\n\t\t\t\t\t\t\t<div class=\"anwp-pg-post-teaser__bottom-meta-item d-flex align-items-center mr-4\">\n\t\t\t\t\t<svg class=\"anwp-pg-icon anwp-pg-icon--s16 mr-2\">\n\t\t\t\t\t\t<use xlink:href=\"#icon-anwp-pg-calendar\"><\/use>\n\t\t\t\t\t<\/svg>\n\t\t\t\t\t<span class=\"screen-reader-text\">Posted on<\/span><time class=\"anwp-pg-published\" datetime=\"2024-12-10T10:10:04+01:00\">10 grudnia, 2024<\/time><time class=\"anwp-pg-updated\" datetime=\"2024-12-13T10:16:32+01:00\">13 grudnia, 2024<\/time>\t\t\t\t<\/div>\n\t\t\t\t\t\t<\/div>\n\n\t\t<div class=\"anwp-pg-post-teaser__excerpt mt-2\">\n\t\t\tPrze\u0142om w technologii wytopu \u017celaza, og\u0142oszony przez chi\u0144skich naukowc\u00f3w, mo\u017ce zrewolucjonizowa\u0107 przemys\u0142 stalowy. Nowa metoda, nazwana technologi\u0105 szybkiego wytopu \u017celaza (ang. Flash Ironmaking Technology), umo\u017cliwia produkcj\u0119 p\u0142ynnego \u017celaza w ci\u0105gu&hellip;\t\t<\/div>\n\n\t\t\t<\/div>\n<\/div>\n<div class=\"anwp-pg-post-teaser anwp-pg-post-teaser--layout-classic anwp-row anwp-no-gutters\">\n\n\t\t\t<div class=\"anwp-pg-post-teaser__thumbnail position-relative mb-2 mb-md-0 anwp-col-md-4\">\n\t\t\t\t\t\t\t<div class=\"anwp-pg-post-teaser__top-meta d-flex flex-column anwp-pg-post-teaser__category-column mr-auto\">\n\t\t\t\t\t<div class=\"anwp-pg-category__wrapper-filled px-2 d-flex align-items-center anwp-pg-post-teaser__category-wrapper align-self-start anwp-pg-category-parent-0\" style=\"background-color: #1565C0\"><span>Astronomia<\/span><\/div>\t\t\t\t<\/div>\n\t\t\t\t\n\t\t\t<img decoding=\"async\" loading=\"lazy\" src=\"https:\/\/www.krzysztofkolodziej.com\/domkopernika\/wp-content\/uploads\/2024\/12\/Gdy0o4dWcAAkdzK-1024x683.jpeg\"\/>\n\n\t\t\t<div class=\"anwp-pg-post-teaser__thumbnail-classic-bg anwp-position-cover\"><\/div>\n\n\t\t\t<a class=\"anwp-position-cover anwp-link-without-effects\" href=\"https:\/\/www.krzysztofkolodziej.com\/domkopernika\/astronomia\/polski-astronauta-na-miedzynarodowej-stacji-kosmicznej\/\" aria-hidden=\"true\" ><\/a>\n\t\t<\/div>\n\t\n\t<div class=\"anwp-pg-post-teaser__content anwp-col-md-8\">\n\n\t\t<div class=\"anwp-pg-post-teaser__title anwp-font-heading my-2\">\n\t\t\t<a class=\"anwp-link-without-effects\" href=\"https:\/\/www.krzysztofkolodziej.com\/domkopernika\/astronomia\/polski-astronauta-na-miedzynarodowej-stacji-kosmicznej\/\" aria-hidden=\"true\" >\n\t\t\t\tPolski astronauta na Mi\u0119dzynarodowej Stacji Kosmicznej\t\t\t<\/a>\n\t\t<\/div>\n\n\t\t<div class=\"anwp-pg-post-teaser__bottom-meta d-flex flex-wrap\">\n\n\t\t\t\n\t\t\t\t\t\t\t<div class=\"anwp-pg-post-teaser__bottom-meta-item d-flex align-items-center mr-4\">\n\t\t\t\t\t<svg class=\"anwp-pg-icon anwp-pg-icon--s16 mr-2\">\n\t\t\t\t\t\t<use xlink:href=\"#icon-anwp-pg-calendar\"><\/use>\n\t\t\t\t\t<\/svg>\n\t\t\t\t\t<span class=\"screen-reader-text\">Posted on<\/span><time class=\"anwp-pg-published\" datetime=\"2024-12-06T15:54:58+01:00\">6 grudnia, 2024<\/time><time class=\"anwp-pg-updated\" datetime=\"2024-12-06T15:54:58+01:00\">6 grudnia, 2024<\/time>\t\t\t\t<\/div>\n\t\t\t\t\t\t<\/div>\n\n\t\t<div class=\"anwp-pg-post-teaser__excerpt mt-2\">\n\t\t\tRok 2025 zapisze si\u0119 w historii polskiego sektora kosmicznego jako moment prze\u0142omowy. Dr S\u0142awosz Uzna\u0144ski, astronauta projektowy Europejskiej Agencji Kosmicznej (ESA), we\u017amie udzia\u0142 w pierwszej polskiej misji technologiczno-naukowej na Mi\u0119dzynarodowej&hellip;\t\t<\/div>\n\n\t\t\t<\/div>\n<\/div>\n<div class=\"anwp-pg-post-teaser anwp-pg-post-teaser--layout-classic anwp-row anwp-no-gutters\">\n\n\t\t\t<div class=\"anwp-pg-post-teaser__thumbnail position-relative mb-2 mb-md-0 anwp-col-md-4\">\n\t\t\t\t\t\t\t<div class=\"anwp-pg-post-teaser__top-meta d-flex flex-column anwp-pg-post-teaser__category-column mr-auto\">\n\t\t\t\t\t<div class=\"anwp-pg-category__wrapper-filled px-2 d-flex align-items-center anwp-pg-post-teaser__category-wrapper align-self-start anwp-pg-category-parent-0\" style=\"background-color: #1565C0\"><span>Astronomia<\/span><\/div>\t\t\t\t<\/div>\n\t\t\t\t\n\t\t\t<img decoding=\"async\" loading=\"lazy\" src=\"https:\/\/www.krzysztofkolodziej.com\/domkopernika\/wp-content\/uploads\/2024\/12\/Proba-3_within_PSLV-XL_launcher_pillars-1024x768.jpg\"\/>\n\n\t\t\t<div class=\"anwp-pg-post-teaser__thumbnail-classic-bg anwp-position-cover\"><\/div>\n\n\t\t\t<a class=\"anwp-position-cover anwp-link-without-effects\" href=\"https:\/\/www.krzysztofkolodziej.com\/domkopernika\/astronomia\/proba-3-misja-kosmiczna-w-ktorej-tworzeniu-brali-udzial-polacy\/\" aria-hidden=\"true\" ><\/a>\n\t\t<\/div>\n\t\n\t<div class=\"anwp-pg-post-teaser__content anwp-col-md-8\">\n\n\t\t<div class=\"anwp-pg-post-teaser__title anwp-font-heading my-2\">\n\t\t\t<a class=\"anwp-link-without-effects\" href=\"https:\/\/www.krzysztofkolodziej.com\/domkopernika\/astronomia\/proba-3-misja-kosmiczna-w-ktorej-tworzeniu-brali-udzial-polacy\/\" aria-hidden=\"true\" >\n\t\t\t\tProba-3. Misja kosmiczna, w kt\u00f3rej tworzeniu brali udzia\u0142 Polacy\t\t\t<\/a>\n\t\t<\/div>\n\n\t\t<div class=\"anwp-pg-post-teaser__bottom-meta d-flex flex-wrap\">\n\n\t\t\t\n\t\t\t\t\t\t\t<div class=\"anwp-pg-post-teaser__bottom-meta-item d-flex align-items-center mr-4\">\n\t\t\t\t\t<svg class=\"anwp-pg-icon anwp-pg-icon--s16 mr-2\">\n\t\t\t\t\t\t<use xlink:href=\"#icon-anwp-pg-calendar\"><\/use>\n\t\t\t\t\t<\/svg>\n\t\t\t\t\t<span class=\"screen-reader-text\">Posted on<\/span><time class=\"anwp-pg-published\" datetime=\"2024-12-06T15:18:01+01:00\">6 grudnia, 2024<\/time><time class=\"anwp-pg-updated\" datetime=\"2024-12-06T15:18:38+01:00\">6 grudnia, 2024<\/time>\t\t\t\t<\/div>\n\t\t\t\t\t\t<\/div>\n\n\t\t<div class=\"anwp-pg-post-teaser__excerpt mt-2\">\n\t\t\tEuropejska Agencja Kosmiczna (ESA) przeprowadzi\u0142a 5 grudnia 2024 roku start misji Proba-3, wykorzystuj\u0105c rakiet\u0119 PSLV-XL z indyjskiego Centrum Kosmicznego Satish Dhawan. Misja ta, w kt\u00f3rej bra\u0142o udzia\u0142 40 podmiot\u00f3w z&hellip;\t\t<\/div>\n\n\t\t\t<\/div>\n<\/div>\n\t<\/div>\n\t\n\t<nav aria-label=\"anwp-pg-pagination-navigation\" class=\"anwp-pg-pagination-navigation position-relative\">\n\t<ul class=\"anwp-pg-pagination mx-0 justify-content-center flex-wrap\"\n\t\tdata-anwp-show_previous=\"yes\"\n\t\tdata-anwp-show_next=\"yes\"\n\t\tdata-anwp-show_first_ellipsis=\"yes\"\n\t\tdata-anwp-show_last_ellipsis=\"yes\"\n\t\tdata-anwp-auto_hide_previous=\"no\"\n\t\tdata-anwp-auto_hide_next=\"no\"\n\t\tdata-anwp-show_page_numbers=\"yes\"\n\t\tdata-anwp-page_range=\"2\"\n\t\tdata-anwp-text_previous=\"\"\n\t\tdata-anwp-text_next=\"\"\n\t\tdata-anwp-total=\"5\"\n\t\tdata-anwp-limit=\"10\"\n\t\tdata-anwp-pagination=\"{&quot;posts_to_show&quot;:&quot;latest&quot;,&quot;include_ids&quot;:&quot;&quot;,&quot;exclude_ids&quot;:&quot;&quot;,&quot;exclude_by_category&quot;:&quot;&quot;,&quot;filter_by_category&quot;:&quot;&quot;,&quot;filter_by_tag&quot;:&quot;&quot;,&quot;filter_by_post_format&quot;:&quot;all&quot;,&quot;filter_by_author&quot;:&quot;&quot;,&quot;published_in_last_days&quot;:0,&quot;limit&quot;:10,&quot;offset&quot;:&quot;&quot;,&quot;grid_cols&quot;:3,&quot;grid_cols_tablet&quot;:2,&quot;grid_cols_mobile&quot;:1,&quot;grid_thumbnail_size&quot;:&quot;large&quot;,&quot;show_category&quot;:&quot;yes&quot;,&quot;category_limit&quot;:1,&quot;show_date&quot;:&quot;yes&quot;,&quot;show_author&quot;:&quot;&quot;,&quot;show_comments&quot;:&quot;yes&quot;,&quot;card_height&quot;:&quot;180&quot;,&quot;show_excerpt&quot;:&quot;yes&quot;,&quot;excerpt_num_words&quot;:55,&quot;excerpt_source&quot;:&quot;&quot;,&quot;excerpt_html&quot;:&quot;no&quot;,&quot;layout&quot;:&quot;classic&quot;,&quot;show_read_more&quot;:&quot;&quot;,&quot;read_more_label&quot;:&quot;Czytaj dalej&quot;,&quot;read_more_class&quot;:&quot;&quot;,&quot;post_image_width&quot;:&quot;1_3&quot;,&quot;show_post_icon&quot;:&quot;yes&quot;,&quot;query_source&quot;:&quot;posts&quot;,&quot;related_posts&quot;:&quot;&quot;,&quot;related_posts_order&quot;:&quot;&quot;,&quot;card_height_mobile&quot;:&quot;&quot;,&quot;card_height_tablet&quot;:&quot;&quot;,&quot;filter_by_c_tax&quot;:&quot;&quot;,&quot;labels_by_c_tax&quot;:&quot;&quot;}\"><\/ul>\n<\/nav>\n<\/div>\n\t\t\t\t<\/div>\n\t\t\t\t<\/div>\n\t\t\t\t\t<\/div>\n\t\t<\/div>\n\t\t\t\t\t<\/div>\n\t\t<\/section>\n\t\t\t\t<\/div>\n\t\t","protected":false},"excerpt":{"rendered":"<p>Strona g\u0142\u00f3wna Najnowsze wiadomo\u015bci: Ekonomia Nab\u00f3r kandydat\u00f3w na studia doktoranckie w EUI Posted on6 listopada, 20246 listopada, 2024 Rozpocz\u0105\u0142 si\u0119 nab\u00f3r kandydat\u00f3w na studia doktoranckie w Europejskim Instytucie Uniwersyteckim we&hellip;<\/p>\n","protected":false},"author":4,"featured_media":0,"parent":0,"menu_order":0,"comment_status":"closed","ping_status":"closed","template":"","meta":{"footnotes":""},"class_list":["post-36000","page","type-page","status-publish","hentry"],"yoast_head":"<!-- This site is optimized with the Yoast SEO plugin v27.5 - https:\/\/yoast.com\/product\/yoast-seo-wordpress\/ -->\n<title>Wiadomo\u015bci - Dom Kopernika<\/title>\n<meta name=\"robots\" content=\"noindex, follow\" \/>\n<meta property=\"og:locale\" content=\"pl_PL\" \/>\n<meta property=\"og:type\" content=\"article\" \/>\n<meta property=\"og:title\" content=\"Wiadomo\u015bci - Dom Kopernika\" \/>\n<meta property=\"og:description\" content=\"Strona g\u0142\u00f3wna Najnowsze wiadomo\u015bci: Ekonomia Nab\u00f3r kandydat\u00f3w na studia doktoranckie w EUI Posted on6 listopada, 20246 listopada, 2024 Rozpocz\u0105\u0142 si\u0119 nab\u00f3r kandydat\u00f3w na studia doktoranckie w Europejskim Instytucie Uniwersyteckim we&hellip;\" \/>\n<meta property=\"og:url\" content=\"https:\/\/www.krzysztofkolodziej.com\/domkopernika\/wiadomosci\/\" \/>\n<meta property=\"og:site_name\" content=\"Dom Kopernika\" \/>\n<meta property=\"article:modified_time\" content=\"2024-11-07T08:32:27+00:00\" \/>\n<meta property=\"og:image\" content=\"https:\/\/www.krzysztofkolodziej.com\/domkopernika\/wp-content\/uploads\/2024\/11\/HEC-Salviati-PhD-Banner-web.x92f7d0a2-1-1024x576.png\" \/>\n<meta name=\"twitter:card\" content=\"summary_large_image\" \/>\n<meta name=\"twitter:label1\" content=\"Szacowany czas czytania\" \/>\n\t<meta name=\"twitter:data1\" content=\"7 minut\" \/>\n<script type=\"application\/ld+json\" class=\"yoast-schema-graph\">{\"@context\":\"https:\\\/\\\/schema.org\",\"@graph\":[{\"@type\":\"WebPage\",\"@id\":\"https:\\\/\\\/www.krzysztofkolodziej.com\\\/domkopernika\\\/wiadomosci\\\/\",\"url\":\"https:\\\/\\\/www.krzysztofkolodziej.com\\\/domkopernika\\\/wiadomosci\\\/\",\"name\":\"Wiadomo\u015bci - Dom Kopernika\",\"isPartOf\":{\"@id\":\"https:\\\/\\\/www.krzysztofkolodziej.com\\\/domkopernika\\\/#website\"},\"primaryImageOfPage\":{\"@id\":\"https:\\\/\\\/www.krzysztofkolodziej.com\\\/domkopernika\\\/wiadomosci\\\/#primaryimage\"},\"image\":{\"@id\":\"https:\\\/\\\/www.krzysztofkolodziej.com\\\/domkopernika\\\/wiadomosci\\\/#primaryimage\"},\"thumbnailUrl\":\"https:\\\/\\\/www.krzysztofkolodziej.com\\\/domkopernika\\\/wp-content\\\/uploads\\\/2024\\\/11\\\/HEC-Salviati-PhD-Banner-web.x92f7d0a2-1-1024x576.png\",\"datePublished\":\"2024-10-25T08:12:12+00:00\",\"dateModified\":\"2024-11-07T08:32:27+00:00\",\"breadcrumb\":{\"@id\":\"https:\\\/\\\/www.krzysztofkolodziej.com\\\/domkopernika\\\/wiadomosci\\\/#breadcrumb\"},\"inLanguage\":\"pl-PL\",\"potentialAction\":[{\"@type\":\"ReadAction\",\"target\":[\"https:\\\/\\\/www.krzysztofkolodziej.com\\\/domkopernika\\\/wiadomosci\\\/\"]}]},{\"@type\":\"ImageObject\",\"inLanguage\":\"pl-PL\",\"@id\":\"https:\\\/\\\/www.krzysztofkolodziej.com\\\/domkopernika\\\/wiadomosci\\\/#primaryimage\",\"url\":\"https:\\\/\\\/www.krzysztofkolodziej.com\\\/domkopernika\\\/wp-content\\\/uploads\\\/2024\\\/11\\\/HEC-Salviati-PhD-Banner-web.x92f7d0a2-1.png\",\"contentUrl\":\"https:\\\/\\\/www.krzysztofkolodziej.com\\\/domkopernika\\\/wp-content\\\/uploads\\\/2024\\\/11\\\/HEC-Salviati-PhD-Banner-web.x92f7d0a2-1.png\",\"width\":1920,\"height\":1080},{\"@type\":\"BreadcrumbList\",\"@id\":\"https:\\\/\\\/www.krzysztofkolodziej.com\\\/domkopernika\\\/wiadomosci\\\/#breadcrumb\",\"itemListElement\":[{\"@type\":\"ListItem\",\"position\":1,\"name\":\"Strona g\u0142\u00f3wna\",\"item\":\"https:\\\/\\\/www.krzysztofkolodziej.com\\\/domkopernika\\\/\"},{\"@type\":\"ListItem\",\"position\":2,\"name\":\"Wiadomo\u015bci\"}]},{\"@type\":\"WebSite\",\"@id\":\"https:\\\/\\\/www.krzysztofkolodziej.com\\\/domkopernika\\\/#website\",\"url\":\"https:\\\/\\\/www.krzysztofkolodziej.com\\\/domkopernika\\\/\",\"name\":\"Dom Kopernika\",\"description\":\"\",\"potentialAction\":[{\"@type\":\"SearchAction\",\"target\":{\"@type\":\"EntryPoint\",\"urlTemplate\":\"https:\\\/\\\/www.krzysztofkolodziej.com\\\/domkopernika\\\/?s={search_term_string}\"},\"query-input\":{\"@type\":\"PropertyValueSpecification\",\"valueRequired\":true,\"valueName\":\"search_term_string\"}}],\"inLanguage\":\"pl-PL\"}]}<\/script>\n<!-- \/ Yoast SEO plugin. -->","yoast_head_json":{"title":"Wiadomo\u015bci - Dom Kopernika","robots":{"index":"noindex","follow":"follow"},"og_locale":"pl_PL","og_type":"article","og_title":"Wiadomo\u015bci - Dom Kopernika","og_description":"Strona g\u0142\u00f3wna Najnowsze wiadomo\u015bci: Ekonomia Nab\u00f3r kandydat\u00f3w na studia doktoranckie w EUI Posted on6 listopada, 20246 listopada, 2024 Rozpocz\u0105\u0142 si\u0119 nab\u00f3r kandydat\u00f3w na studia doktoranckie w Europejskim Instytucie Uniwersyteckim we&hellip;","og_url":"https:\/\/www.krzysztofkolodziej.com\/domkopernika\/wiadomosci\/","og_site_name":"Dom Kopernika","article_modified_time":"2024-11-07T08:32:27+00:00","og_image":[{"url":"https:\/\/www.krzysztofkolodziej.com\/domkopernika\/wp-content\/uploads\/2024\/11\/HEC-Salviati-PhD-Banner-web.x92f7d0a2-1-1024x576.png","type":"","width":"","height":""}],"twitter_card":"summary_large_image","twitter_misc":{"Szacowany czas czytania":"7 minut"},"schema":{"@context":"https:\/\/schema.org","@graph":[{"@type":"WebPage","@id":"https:\/\/www.krzysztofkolodziej.com\/domkopernika\/wiadomosci\/","url":"https:\/\/www.krzysztofkolodziej.com\/domkopernika\/wiadomosci\/","name":"Wiadomo\u015bci - Dom Kopernika","isPartOf":{"@id":"https:\/\/www.krzysztofkolodziej.com\/domkopernika\/#website"},"primaryImageOfPage":{"@id":"https:\/\/www.krzysztofkolodziej.com\/domkopernika\/wiadomosci\/#primaryimage"},"image":{"@id":"https:\/\/www.krzysztofkolodziej.com\/domkopernika\/wiadomosci\/#primaryimage"},"thumbnailUrl":"https:\/\/www.krzysztofkolodziej.com\/domkopernika\/wp-content\/uploads\/2024\/11\/HEC-Salviati-PhD-Banner-web.x92f7d0a2-1-1024x576.png","datePublished":"2024-10-25T08:12:12+00:00","dateModified":"2024-11-07T08:32:27+00:00","breadcrumb":{"@id":"https:\/\/www.krzysztofkolodziej.com\/domkopernika\/wiadomosci\/#breadcrumb"},"inLanguage":"pl-PL","potentialAction":[{"@type":"ReadAction","target":["https:\/\/www.krzysztofkolodziej.com\/domkopernika\/wiadomosci\/"]}]},{"@type":"ImageObject","inLanguage":"pl-PL","@id":"https:\/\/www.krzysztofkolodziej.com\/domkopernika\/wiadomosci\/#primaryimage","url":"https:\/\/www.krzysztofkolodziej.com\/domkopernika\/wp-content\/uploads\/2024\/11\/HEC-Salviati-PhD-Banner-web.x92f7d0a2-1.png","contentUrl":"https:\/\/www.krzysztofkolodziej.com\/domkopernika\/wp-content\/uploads\/2024\/11\/HEC-Salviati-PhD-Banner-web.x92f7d0a2-1.png","width":1920,"height":1080},{"@type":"BreadcrumbList","@id":"https:\/\/www.krzysztofkolodziej.com\/domkopernika\/wiadomosci\/#breadcrumb","itemListElement":[{"@type":"ListItem","position":1,"name":"Strona g\u0142\u00f3wna","item":"https:\/\/www.krzysztofkolodziej.com\/domkopernika\/"},{"@type":"ListItem","position":2,"name":"Wiadomo\u015bci"}]},{"@type":"WebSite","@id":"https:\/\/www.krzysztofkolodziej.com\/domkopernika\/#website","url":"https:\/\/www.krzysztofkolodziej.com\/domkopernika\/","name":"Dom Kopernika","description":"","potentialAction":[{"@type":"SearchAction","target":{"@type":"EntryPoint","urlTemplate":"https:\/\/www.krzysztofkolodziej.com\/domkopernika\/?s={search_term_string}"},"query-input":{"@type":"PropertyValueSpecification","valueRequired":true,"valueName":"search_term_string"}}],"inLanguage":"pl-PL"}]}},"_links":{"self":[{"href":"https:\/\/www.krzysztofkolodziej.com\/domkopernika\/wp-json\/wp\/v2\/pages\/36000","targetHints":{"allow":["GET"]}}],"collection":[{"href":"https:\/\/www.krzysztofkolodziej.com\/domkopernika\/wp-json\/wp\/v2\/pages"}],"about":[{"href":"https:\/\/www.krzysztofkolodziej.com\/domkopernika\/wp-json\/wp\/v2\/types\/page"}],"author":[{"embeddable":true,"href":"https:\/\/www.krzysztofkolodziej.com\/domkopernika\/wp-json\/wp\/v2\/users\/4"}],"replies":[{"embeddable":true,"href":"https:\/\/www.krzysztofkolodziej.com\/domkopernika\/wp-json\/wp\/v2\/comments?post=36000"}],"version-history":[{"count":40,"href":"https:\/\/www.krzysztofkolodziej.com\/domkopernika\/wp-json\/wp\/v2\/pages\/36000\/revisions"}],"predecessor-version":[{"id":36650,"href":"https:\/\/www.krzysztofkolodziej.com\/domkopernika\/wp-json\/wp\/v2\/pages\/36000\/revisions\/36650"}],"wp:attachment":[{"href":"https:\/\/www.krzysztofkolodziej.com\/domkopernika\/wp-json\/wp\/v2\/media?parent=36000"}],"curies":[{"name":"wp","href":"https:\/\/api.w.org\/{rel}","templated":true}]}}